{"id":45525,"date":"2026-05-12T11:20:54","date_gmt":"2026-05-12T10:20:54","guid":{"rendered":"https:\/\/csefrs.lifemoz.com\/%d8%a3%d9%86%d8%b4%d8%b7%d8%a9-%d8%a7%d9%84%d8%b4%d8%b1%d8%a7%d9%83%d8%a9-%d9%88%d8%a7%d9%84%d8%aa%d8%b9%d8%a7%d9%88%d9%86\/"},"modified":"2026-08-12T17:26:12","modified_gmt":"2026-08-12T16:26:12","slug":"activites-de-partenariat-et-de-cooperation","status":"publish","type":"page","link":"https:\/\/www.csefrs.ma\/fr\/activites-de-partenariat-et-de-cooperation\/","title":{"rendered":"Activit\u00e9s de partenariat et de coop\u00e9ration"},"content":{"rendered":"<div class=\"wpb-content-wrapper\" id=\"wpb-content-root\"><p>[vc_row content_placement=\u00a0\u00bbmiddle\u00a0\u00bb type=\u00a0\u00bbvc_default\u00a0\u00bb el_class=\u00a0\u00bbbg-sec\u00a0\u00bb][vc_column][vc_column_text css=\u00a0\u00bb\u00a0\u00bb]<\/p>\n<h1 class=\"heading-conseil\" style=\"text-align: center;\">Activit\u00e9s de partenariat et de coop\u00e9ration<\/h1>\n<p>[\/vc_column_text][\/vc_column][\/vc_row][vc_row css=\u00a0\u00bb.vc_custom_1770278729799{margin-right: 0px !important;margin-left: 0px !important;}\u00a0\u00bb][vc_column][vc_column_text css=\u00a0\u00bb\u00a0\u00bb]<form autocomplete=\"off\" name=\"wpv-filter-38542-CATTR96e533cb56cfebd4d21a47bccd59e614\" action=\"\/fr\/wp-json\/wp\/v2\/pages\/45525?wpv_view_count=38542-CATTR96e533cb56cfebd4d21a47bccd59e614\" method=\"get\" class=\"wpv-filter-form js-wpv-filter-form js-wpv-filter-form-38542-CATTR96e533cb56cfebd4d21a47bccd59e614 js-wpv-form-full\" data-viewnumber=\"38542-CATTR96e533cb56cfebd4d21a47bccd59e614\" data-viewid=\"38542\" data-viewhash=\"eyJuYW1lIjoiYXJ0aWNsZXMtdmlld3MtcGFnZS1pbnRlcm5lIiwiY2FjaGVkIjoib2ZmIiwid3B2Y2F0ZWdvcnkiOiJhY3Rpdml0ZXMtZGUtcGFydGVuYXJpYXQtZXQtZGUtY29vcGVyYXRpb24ifQ==\" data-viewwidgetid=\"0\" data-orderby=\"\" data-order=\"\" data-orderbyas=\"\" data-orderbysecond=\"\" data-ordersecond=\"\" data-parametric=\"{&quot;query&quot;:&quot;normal&quot;,&quot;id&quot;:38542,&quot;view_id&quot;:38542,&quot;widget_id&quot;:0,&quot;view_hash&quot;:&quot;38542-CATTR96e533cb56cfebd4d21a47bccd59e614&quot;,&quot;action&quot;:&quot;\\\/fr\\\/wp-json\\\/wp\\\/v2\\\/pages\\\/45525?wpv_view_count=38542-CATTR96e533cb56cfebd4d21a47bccd59e614&quot;,&quot;sort&quot;:{&quot;orderby&quot;:&quot;&quot;,&quot;order&quot;:&quot;&quot;,&quot;orderby_as&quot;:&quot;&quot;,&quot;orderby_second&quot;:&quot;&quot;,&quot;order_second&quot;:&quot;&quot;},&quot;orderby&quot;:&quot;&quot;,&quot;order&quot;:&quot;&quot;,&quot;orderby_as&quot;:&quot;&quot;,&quot;orderby_second&quot;:&quot;&quot;,&quot;order_second&quot;:&quot;&quot;,&quot;ajax_form&quot;:&quot;&quot;,&quot;ajax_results&quot;:&quot;&quot;,&quot;effect&quot;:&quot;fade&quot;,&quot;prebefore&quot;:&quot;&quot;,&quot;before&quot;:&quot;&quot;,&quot;after&quot;:&quot;&quot;,&quot;attributes&quot;:{&quot;cached&quot;:&quot;off&quot;,&quot;wpvcategory&quot;:&quot;activites-de-partenariat-et-de-cooperation&quot;},&quot;environment&quot;:{&quot;current_post_id&quot;:45525,&quot;parent_post_id&quot;:45525,&quot;parent_term_id&quot;:0,&quot;parent_user_id&quot;:0,&quot;archive&quot;:{&quot;type&quot;:&quot;&quot;,&quot;name&quot;:&quot;&quot;,&quot;data&quot;:[]}},&quot;loop&quot;:{&quot;type&quot;:&quot;&quot;,&quot;name&quot;:&quot;&quot;,&quot;data&quot;:[],&quot;id&quot;:0}}\" data-attributes=\"{&quot;cached&quot;:&quot;off&quot;,&quot;wpvcategory&quot;:&quot;activites-de-partenariat-et-de-cooperation&quot;}\" data-environment=\"{&quot;current_post_id&quot;:45525,&quot;parent_post_id&quot;:45525,&quot;parent_term_id&quot;:0,&quot;parent_user_id&quot;:0,&quot;archive&quot;:{&quot;type&quot;:&quot;&quot;,&quot;name&quot;:&quot;&quot;,&quot;data&quot;:[]}}\"><input type=\"hidden\" class=\"js-wpv-dps-filter-data js-wpv-filter-data-for-this-form\" data-action=\"\/fr\/wp-json\/wp\/v2\/pages\/45525?wpv_view_count=38542-CATTR96e533cb56cfebd4d21a47bccd59e614\" data-page=\"1\" data-ajax=\"disable\" data-effect=\"fade\" data-maxpages=\"2\" data-ajaxprebefore=\"\" data-ajaxbefore=\"\" data-ajaxafter=\"\" \/><input class=\"wpv_view_count wpv_view_count-38542-CATTR96e533cb56cfebd4d21a47bccd59e614\" type=\"hidden\" name=\"wpv_view_count\" value=\"38542-CATTR96e533cb56cfebd4d21a47bccd59e614\" \/>\n\n\n<\/form>\n<div id=\"wpv-view-layout-38542-CATTR96e533cb56cfebd4d21a47bccd59e614\" class=\"js-wpv-view-layout js-wpv-layout-responsive js-wpv-view-layout-38542-CATTR96e533cb56cfebd4d21a47bccd59e614 wpv-pagination js-wpv-layout-has-pagination wpv-pagination-preload-images js-wpv-layout-preload-images wpv-pagination-preload-pages js-wpv-layout-preload-pages\" style=\"visibility:hidden;\" data-viewnumber=\"38542-CATTR96e533cb56cfebd4d21a47bccd59e614\" data-pagination=\"{&quot;id&quot;:38542,&quot;query&quot;:&quot;normal&quot;,&quot;type&quot;:&quot;ajaxed&quot;,&quot;effect&quot;:&quot;fade&quot;,&quot;duration&quot;:400,&quot;speed&quot;:5,&quot;pause_on_hover&quot;:&quot;enabled&quot;,&quot;stop_rollover&quot;:&quot;false&quot;,&quot;cache_pages&quot;:&quot;enabled&quot;,&quot;preload_images&quot;:&quot;enabled&quot;,&quot;preload_pages&quot;:&quot;enabled&quot;,&quot;preload_reach&quot;:4,&quot;spinner&quot;:&quot;builtin&quot;,&quot;spinner_image&quot;:&quot;https:\/\/csefrs.ma\/wp-content\/plugins\/wp-views\/embedded\/res\/img\/ajax-loader3.svg&quot;,&quot;callback_next&quot;:&quot;&quot;,&quot;manage_history&quot;:&quot;enabled&quot;,&quot;has_controls_in_form&quot;:&quot;disabled&quot;,&quot;infinite_tolerance&quot;:0,&quot;max_pages&quot;:2,&quot;page&quot;:1,&quot;base_permalink&quot;:&quot;\/fr\/wp-json\/wp\/v2\/pages\/45525?wpv_view_count=38542-CATTR96e533cb56cfebd4d21a47bccd59e614&amp;wpv_paged=WPV_PAGE_NUM&quot;,&quot;loop&quot;:{&quot;type&quot;:&quot;&quot;,&quot;name&quot;:&quot;&quot;,&quot;data&quot;:[],&quot;id&quot;:0}}\" data-permalink=\"\/fr\/wp-json\/wp\/v2\/pages\/45525?wpv_view_count=38542-CATTR96e533cb56cfebd4d21a47bccd59e614\">\n\n  \n<div class=\"filters\"><form autocomplete=\"off\" action=\"https:\/\/www.csefrs.ma\/fr\/actualites-et-activites\/\" method=\"get\" class=\"wpv-filter-form js-wpv-filter-form js-wpv-filter-form-35655 js-wpv-form-only\" data-viewnumber=\"35655\" data-targetid=\"39418\" data-viewid=\"35655\" data-viewhash=\"eyJuYW1lIjoiYXJ0aWNsZXMtdmlld3MtcGFnZSIsInRhcmdldF9pZCI6IjM4NDE1In0=\" data-viewwidgetid=\"0\" data-orderby=\"\" data-order=\"\" data-orderbyas=\"\" data-orderbysecond=\"\" data-ordersecond=\"\" data-parametric=\"{&quot;query&quot;:&quot;normal&quot;,&quot;id&quot;:&quot;35655&quot;,&quot;view_id&quot;:&quot;35655&quot;,&quot;widget_id&quot;:0,&quot;view_hash&quot;:&quot;35655&quot;,&quot;action&quot;:&quot;https:\/\/www.csefrs.ma\/fr\/actualites-et-activites\/&quot;,&quot;sort&quot;:{&quot;orderby&quot;:&quot;&quot;,&quot;order&quot;:&quot;&quot;,&quot;orderby_as&quot;:&quot;&quot;,&quot;orderby_second&quot;:&quot;&quot;,&quot;order_second&quot;:&quot;&quot;},&quot;orderby&quot;:&quot;&quot;,&quot;order&quot;:&quot;&quot;,&quot;orderby_as&quot;:&quot;&quot;,&quot;orderby_second&quot;:&quot;&quot;,&quot;order_second&quot;:&quot;&quot;,&quot;ajax_form&quot;:&quot;&quot;,&quot;ajax_results&quot;:&quot;&quot;,&quot;effect&quot;:&quot;fade&quot;,&quot;prebefore&quot;:&quot;&quot;,&quot;before&quot;:&quot;&quot;,&quot;after&quot;:&quot;&quot;,&quot;attributes&quot;:[],&quot;environment&quot;:{&quot;current_post_id&quot;:45525,&quot;parent_post_id&quot;:45525,&quot;parent_term_id&quot;:0,&quot;parent_user_id&quot;:0,&quot;archive&quot;:{&quot;type&quot;:&quot;&quot;,&quot;name&quot;:&quot;&quot;,&quot;data&quot;:[]}},&quot;loop&quot;:{&quot;type&quot;:&quot;&quot;,&quot;name&quot;:&quot;&quot;,&quot;data&quot;:[],&quot;id&quot;:0}}\" data-attributes=\"[]\" data-environment=\"{&quot;current_post_id&quot;:45525,&quot;parent_post_id&quot;:45525,&quot;parent_term_id&quot;:0,&quot;parent_user_id&quot;:0,&quot;archive&quot;:{&quot;type&quot;:&quot;&quot;,&quot;name&quot;:&quot;&quot;,&quot;data&quot;:[]}}\"><input type=\"hidden\" class=\"js-wpv-dps-filter-data js-wpv-filter-data-for-this-form\" data-action=\"https:\/\/www.csefrs.ma\/fr\/actualites-et-activites\/\" data-page=\"1\" data-ajax=\"disable\" data-effect=\"fade\" data-ajaxprebefore=\"\" data-ajaxbefore=\"\" data-ajaxafter=\"\" \/><input class=\"wpv_view_count wpv_view_count-35655\" type=\"hidden\" name=\"wpv_view_count\" value=\"35655\" \/>\n\n\n<div class=\"searshFields\">\n  <div class=\"form-group\">\n      <input type=\"text\" name=\"wpv_post_search\"  class=\"js-wpv-filter-trigger-delayed form-control\" placeholder=\"Recherche...\" \/>\n\t<select name=\"wpv-category\" class=\"js-wpv-filter-trigger form-control\"><option selected='selected' value=\"0\">Cat\u00e9gories<\/option><option value=\"actualites-du-conseil\">Actualit\u00e9s du Conseil<\/option><option value=\"communiques-de-presse\">Communiqu\u00e9s de presse<\/option><option value=\"activites-du-conseil\">Activit\u00e9s du Conseil<\/option><option value=\"activites-du-president-du-conseil\">Activit\u00e9s du Pr\u00e9sident du Conseil<\/option><option value=\"discours-et-allocutions\">Allocutions du pr\u00e9sident du Conseil<\/option><option value=\"actualites-de-line\">Actualit\u00e9s de l'INE<\/option><option value=\"actualites-du-centre-de-documentation\">Actualit\u00e9s du centre de documentation<\/option><option value=\"activites-de-partenariat-et-de-cooperation\">Activit\u00e9s de partenariat et de coop\u00e9ration<\/option><option value=\"activites-de-partenariat\">Activit\u00e9s de partenariat<\/option><option value=\"actualites-de-leducation\">Actualit\u00e9s de l'Education<\/option><option value=\"instance-nationale-devaluation\">Instance Nationale d'\u00e9valuation<\/option><option value=\"espace-presse\">Espace presse<\/option><option value=\"allocutions-de-m-habib-el-malki\">Allocutions de M. Habib El Malki<\/option><option value=\"a-la-une\">\u00c0 la une<\/option><option value=\"non-classifiee\">Non classifi\u00e9(e)<\/option><\/select>\n<div class=\"calendar\">\n        <link rel=\"stylesheet\" href=\"https:\/\/cdn.jsdelivr.net\/npm\/flatpickr\/dist\/flatpickr.min.css\">\n        <script src=\"https:\/\/cdn.jsdelivr.net\/npm\/flatpickr\"><\/script>\n        <script src=\"https:\/\/unpkg.com\/flatpickr@4.6.13\/dist\/l10n\/fr.js\"><\/script>\n        <label style=\"position: relative;width:100%;justify-content: start; justify-items: end;margin: 0px;\">\n\t\t<input type=\"text\" id=\"calendarPicker-fr\" autocomplete=\"off\" placeholder=\"Date\" style=\"width:100%;\">\n          <svg class=\"icon-calendar\" width=\"23\" height=\"26\" viewBox=\"0 0 23 26\" fill=\"none\" xmlns=\"http:\/\/www.w3.org\/2000\/svg\"><path d=\"M6.83333 1V5.66667M16.1667 1V5.66667M1 10.3333H22M6.83333 15H6.845M11.5 15H11.5117M16.1667 15H16.1783M6.83333 19.6667H6.845M11.5 19.6667H11.5117M16.1667 19.6667H16.1783M3.33333 3.33333H19.6667C20.9553 3.33333 22 4.378 22 5.66667V22C22 23.2887 20.9553 24.3333 19.6667 24.3333H3.33333C2.04467 24.3333 1 23.2887 1 22V5.66667C1 4.378 2.04467 3.33333 3.33333 3.33333Z\" stroke=\"#526077\" stroke-width=\"2\" stroke-linecap=\"round\" stroke-linejoin=\"round\"\/><\/svg>\n          <\/label>\n\t\t<script>var existingPostDates = [\"1970-01-01\",\"2008-04-17\",\"2009-04-14\",\"2010-04-20\",\"2015-01-28\",\"2015-12-25\",\"2016-03-24\",\"2016-04-27\",\"2016-05-25\",\"2016-09-06\",\"2016-11-17\",\"2016-11-21\",\"2016-11-24\",\"2016-11-29\",\"2017-02-23\",\"2017-02-27\",\"2017-03-01\",\"2017-03-16\",\"2017-04-17\",\"2017-05-17\",\"2017-06-16\",\"2017-07-13\",\"2017-07-24\",\"2017-07-27\",\"2017-10-05\",\"2017-10-06\",\"2017-10-07\",\"2017-10-24\",\"2017-11-02\",\"2017-11-07\",\"2017-11-08\",\"2017-11-23\",\"2017-11-29\",\"2017-12-04\",\"2017-12-06\",\"2017-12-08\",\"2017-12-25\",\"2017-12-28\",\"2017-12-29\",\"2018-01-17\",\"2018-01-18\",\"2018-02-01\",\"2018-02-05\",\"2018-02-08\",\"2018-02-12\",\"2018-02-13\",\"2018-02-22\",\"2018-02-26\",\"2018-03-12\",\"2018-03-20\",\"2018-04-10\",\"2018-04-12\",\"2018-04-13\",\"2018-05-04\",\"2018-05-07\",\"2018-06-22\",\"2018-07-13\",\"2018-07-16\",\"2018-07-20\",\"2018-09-12\",\"2018-09-19\",\"2018-10-05\",\"2018-10-10\",\"2018-10-26\",\"2018-11-07\",\"2018-11-16\",\"2019-01-03\",\"2019-01-07\",\"2019-01-09\",\"2019-01-14\",\"2019-02-27\",\"2019-04-01\",\"2019-04-25\",\"2019-05-10\",\"2019-05-15\",\"2019-05-22\",\"2019-05-29\",\"2019-06-11\",\"2019-06-26\",\"2019-07-08\",\"2019-07-10\",\"2019-09-27\",\"2020-01-29\",\"2020-03-10\",\"2020-07-23\",\"2020-12-18\",\"2021-09-30\",\"2021-10-28\",\"2021-11-19\",\"2021-11-27\",\"2021-12-29\",\"2022-02-08\",\"2022-04-04\",\"2022-04-28\",\"2022-05-10\",\"2022-06-09\",\"2022-11-09\",\"2022-11-15\",\"2022-11-16\",\"2022-11-17\",\"2022-12-08\",\"2022-12-13\",\"2023-01-04\",\"2023-01-09\",\"2023-01-10\",\"2023-02-01\",\"2023-02-10\",\"2023-03-02\",\"2023-03-03\",\"2023-03-09\",\"2023-03-24\",\"2023-03-27\",\"2023-04-05\",\"2023-05-10\",\"2023-05-11\",\"2023-05-15\",\"2023-05-17\",\"2023-05-31\",\"2023-06-19\",\"2023-07-03\",\"2023-07-07\",\"2023-07-13\",\"2023-09-06\",\"2023-09-22\",\"2023-10-02\",\"2023-10-03\",\"2023-10-10\",\"2023-10-25\",\"2023-10-30\",\"2023-12-11\",\"2023-12-15\",\"2023-12-18\",\"2023-12-20\",\"2024-01-10\",\"2024-01-19\",\"2024-02-15\",\"2024-02-27\",\"2024-03-05\",\"2024-03-08\",\"2024-03-22\",\"2024-04-15\",\"2024-05-07\",\"2024-05-21\",\"2024-05-22\",\"2024-05-23\",\"2024-05-26\",\"2024-05-29\",\"2024-06-03\",\"2024-06-13\",\"2024-06-28\",\"2024-07-04\",\"2024-07-10\",\"2024-07-12\",\"2024-09-12\",\"2024-10-14\",\"2024-10-17\",\"2024-11-08\",\"2024-11-19\",\"2024-11-25\",\"2024-11-28\",\"2024-11-29\",\"2024-12-08\",\"2024-12-10\",\"2024-12-24\",\"2025-01-30\",\"2025-02-05\",\"2025-02-27\",\"2025-03-18\",\"2025-03-30\",\"2025-04-16\",\"2025-04-30\",\"2025-05-20\",\"2025-07-18\",\"2025-07-23\",\"2025-07-25\",\"2025-10-02\",\"2025-10-13\",\"2025-10-31\",\"2025-11-10\",\"2025-11-13\",\"2025-12-23\",\"2025-12-24\",\"2026-02-03\",\"2026-02-04\",\"2026-02-09\",\"2026-03-23\",\"2026-04-13\",\"2026-04-14\",\"2026-04-29\",\"2026-05-12\",\"2026-05-20\",\"2026-06-08\",\"2026-06-11\",\"2026-07-20\",\"2026-07-21\"];<\/script>\n       <\/div>\n      <label class=\"searshBTn\" for=\"wpv_filter_submit\"><button type=\"submit\" class=\"btn-secondary wpv-submit-trigger js-wpv-submit-trigger btn\"><i class='mw-icon fas fa-magnifying-glass'><\/i><\/button><\/label><label class=\"resetFilter\"><i class=\"fa fa-refresh\" aria-hidden=\"true\"><\/i><input type=\"button\" class=\"wpv-reset-trigger js-wpv-reset-trigger btn\" name=\"wpv_filter_reset\" value=\" \" \/><\/label>\n  <\/div>\n<\/div>\n\n\n\n\n<\/form><\/div>\n  \n<div class=\"row rtlcst\">\n  \n    \n    <div class=\"col-md-4\">\n<div class=\"has-border post-container mb-4\">\n          <div class=\"featured-img\"> <a href=\"https:\/\/www.csefrs.ma\/fr\/visite-officielle-de-travail-du-conseil-a-paris\/\"><img decoding=\"async\" width=\"1200\" height=\"1600\" src=\"https:\/\/www.csefrs.ma\/wp-content\/uploads\/2026\/06\/WhatsApp-Image-2026-06-11-at-09.54.46-1.jpeg\" class=\"attachment-full size-full wp-post-image\" alt=\"\" srcset=\"https:\/\/www.csefrs.ma\/wp-content\/uploads\/2026\/06\/WhatsApp-Image-2026-06-11-at-09.54.46-1.jpeg 1200w, https:\/\/www.csefrs.ma\/wp-content\/uploads\/2026\/06\/WhatsApp-Image-2026-06-11-at-09.54.46-1-225x300.jpeg 225w, https:\/\/www.csefrs.ma\/wp-content\/uploads\/2026\/06\/WhatsApp-Image-2026-06-11-at-09.54.46-1-768x1024.jpeg 768w, https:\/\/www.csefrs.ma\/wp-content\/uploads\/2026\/06\/WhatsApp-Image-2026-06-11-at-09.54.46-1-1152x1536.jpeg 1152w, https:\/\/www.csefrs.ma\/wp-content\/uploads\/2026\/06\/WhatsApp-Image-2026-06-11-at-09.54.46-1-600x800.jpeg 600w\" sizes=\"(max-width: 1200px) 100vw, 1200px\" \/><\/a> <\/div>\n          <div class=\"section\">\n\n\n            <h3 class=\"two-lines\" style=\"color:white;  line-height:1.5em;color:#343A46;\"> <a href=\"https:\/\/www.csefrs.ma\/fr\/visite-officielle-de-travail-du-conseil-a-paris\/\">Visite officielle de travail du Conseil en France<\/a> <\/h3>\n<hr class=\"separator pt-2\" >\n      <div class=\"sec-action\">\n            <span style=\"color: #343A46; font-size: 16px;line-height:24px;\">\n              <i class=\"icomoon-the7-font-the7-sort-02\" style=\"color: #343A46; font-size: 16px;\"><\/i> 11 juin 2026  <\/span>\n              <span style=\"color: #343A46; font-size: 16px;line-height:24px;\">\n            <a href=\"https:\/\/www.csefrs.ma\/fr\/visite-officielle-de-travail-du-conseil-a-paris\/\" style=\"color: #343A46; font-size: 16px;\">\n Lire la suite <i class=\"icomoon-the7-font-the7-plus-01\"><\/i> \n<\/a><\/span>\n           <\/div>   \n          <\/div>\n        <\/div>\n <\/div>\n    \n    \n<div class=\"col-md-4\">\n    <div class=\"has-border post-container mb-4\">\n          <div class=\"featured-img\"> <a href=\"https:\/\/www.csefrs.ma\/fr\/le-president-du-conseil-superieur-de-leducation-de-la-formation-et-de-la-recherche-scientifique-en-visite-a-luniversite-ibn-zohr-a-agadir\/\"><img decoding=\"async\" width=\"2560\" height=\"1707\" src=\"https:\/\/www.csefrs.ma\/wp-content\/uploads\/2026\/04\/DSC00667-scaled-1.jpg\" class=\"attachment-full size-full wp-post-image\" alt=\"\" srcset=\"https:\/\/www.csefrs.ma\/wp-content\/uploads\/2026\/04\/DSC00667-scaled-1.jpg 2560w, https:\/\/www.csefrs.ma\/wp-content\/uploads\/2026\/04\/DSC00667-scaled-1-300x200.jpg 300w, https:\/\/www.csefrs.ma\/wp-content\/uploads\/2026\/04\/DSC00667-scaled-1-1024x683.jpg 1024w, https:\/\/www.csefrs.ma\/wp-content\/uploads\/2026\/04\/DSC00667-scaled-1-768x512.jpg 768w, https:\/\/www.csefrs.ma\/wp-content\/uploads\/2026\/04\/DSC00667-scaled-1-1536x1024.jpg 1536w, https:\/\/www.csefrs.ma\/wp-content\/uploads\/2026\/04\/DSC00667-scaled-1-2048x1366.jpg 2048w, https:\/\/www.csefrs.ma\/wp-content\/uploads\/2026\/04\/DSC00667-scaled-1-600x400.jpg 600w\" sizes=\"(max-width: 2560px) 100vw, 2560px\" \/><\/a> <\/div>\n          <div class=\"section\">\n\n\n            <h3 class=\"two-lines\" style=\"color:white;  line-height:1.5em;color:#343A46;\"> <a href=\"https:\/\/www.csefrs.ma\/fr\/le-president-du-conseil-superieur-de-leducation-de-la-formation-et-de-la-recherche-scientifique-en-visite-a-luniversite-ibn-zohr-a-agadir\/\">Le Pr\u00e9sident du Conseil Sup\u00e9rieur de l&rsquo;\u00c9ducation, de la Formation et de la Recherche Scientifique en visite \u00e0 l&rsquo;Universit\u00e9 Ibn Zohr \u00e0 Agadir<\/a> <\/h3>\n<hr class=\"separator pt-2\" >\n            <div class=\"sec-action\">\n            <span style=\"color: #343A46; font-size: 16px;line-height:24px;\">\n              <i class=\"icomoon-the7-font-the7-sort-02\" style=\"color: #343A46; font-size: 16px;\"><\/i> 29 novembre 2024  <\/span>\n            <span style=\"color: #343A46; font-size: 16px;line-height:24px;\">\n            <a href=\"https:\/\/www.csefrs.ma\/fr\/le-president-du-conseil-superieur-de-leducation-de-la-formation-et-de-la-recherche-scientifique-en-visite-a-luniversite-ibn-zohr-a-agadir\/\" style=\"color: #343A46; font-size: 16px;\"> Lire la suite <i class=\"icomoon-the7-font-the7-plus-01\"><\/i>\n<\/a><\/span>\n            <\/div>\n          <\/div>\n        <\/div>\n <\/div>\n    \n    \n<div class=\"col-md-4\">\n    <div class=\"has-border post-container mb-4\">\n          <div class=\"featured-img\"> <a href=\"https:\/\/www.csefrs.ma\/fr\/signature-dun-accord-de-cooperation-et-de-partenariat-entre-le-conseil-superieur-de-leducation-de-la-formation-et-de-la-recherche-scientifique-et-le-conseil-devaluation-de-lecole\/\"><img decoding=\"async\" width=\"1280\" height=\"855\" src=\"https:\/\/www.csefrs.ma\/wp-content\/uploads\/2026\/04\/WhatsApp-Image-2024-10-14-a-11.12.55_077f5c7b.jpg\" class=\"attachment-full size-full wp-post-image\" alt=\"\" srcset=\"https:\/\/www.csefrs.ma\/wp-content\/uploads\/2026\/04\/WhatsApp-Image-2024-10-14-a-11.12.55_077f5c7b.jpg 1280w, https:\/\/www.csefrs.ma\/wp-content\/uploads\/2026\/04\/WhatsApp-Image-2024-10-14-a-11.12.55_077f5c7b-300x200.jpg 300w, https:\/\/www.csefrs.ma\/wp-content\/uploads\/2026\/04\/WhatsApp-Image-2024-10-14-a-11.12.55_077f5c7b-1024x684.jpg 1024w, https:\/\/www.csefrs.ma\/wp-content\/uploads\/2026\/04\/WhatsApp-Image-2024-10-14-a-11.12.55_077f5c7b-768x513.jpg 768w, https:\/\/www.csefrs.ma\/wp-content\/uploads\/2026\/04\/WhatsApp-Image-2024-10-14-a-11.12.55_077f5c7b-600x401.jpg 600w\" sizes=\"(max-width: 1280px) 100vw, 1280px\" \/> <\/a><\/div>\n          <div class=\"section\">\n\n\n            <h3 class=\"two-lines\" style=\"color:white; line-height:1.5em;color:#343A46;\"> <a href=\"https:\/\/www.csefrs.ma\/fr\/signature-dun-accord-de-cooperation-et-de-partenariat-entre-le-conseil-superieur-de-leducation-de-la-formation-et-de-la-recherche-scientifique-et-le-conseil-devaluation-de-lecole\/\">Signature d&rsquo;un accord de coop\u00e9ration et de partenariat entre le Conseil Sup\u00e9rieur de l&rsquo;\u00c9ducation, de la Formation et de la Recherche Scientifique et le Conseil d\u2019\u00e9valuation de l\u2019\u00c9cole<\/a> <\/h3>\n<hr class=\"separator pt-2\" >\n                       <div class=\"sec-action\">\n            <span style=\"color: #343A46; font-size: 16px;line-height:24px;\">\n              <i class=\"icomoon-the7-font-the7-sort-02\" style=\"color: #343A46; font-size: 16px;\"><\/i> 14 Octobre 2024  <\/span>\n              <span style=\"color: #343A46; font-size: 16px;line-height:24px;\">\n            <a href=\"https:\/\/www.csefrs.ma\/fr\/signature-dun-accord-de-cooperation-et-de-partenariat-entre-le-conseil-superieur-de-leducation-de-la-formation-et-de-la-recherche-scientifique-et-le-conseil-devaluation-de-lecole\/\" style=\"color: #343A46; font-size: 16px;\"> Lire la suite <i class=\"icomoon-the7-font-the7-plus-01\"><\/i>\n<\/a><\/span>\n           <\/div>\n          <\/div>\n        <\/div>\n <\/div>\n    \n    \n    <div class=\"col-md-4\">\n<div class=\"has-border post-container mb-4\">\n          <div class=\"featured-img\"> <a href=\"https:\/\/www.csefrs.ma\/fr\/le-president-du-conseil-recoit-la-directrice-de-linstitut-de-lunesco-pour-lapprentissage-tout-au-long-de-la-vie\/\"><img decoding=\"async\" width=\"1200\" height=\"800\" src=\"https:\/\/www.csefrs.ma\/wp-content\/uploads\/2026\/04\/ISM_1060-copie.jpg\" class=\"attachment-full size-full wp-post-image\" alt=\"\" srcset=\"https:\/\/www.csefrs.ma\/wp-content\/uploads\/2026\/04\/ISM_1060-copie.jpg 1200w, https:\/\/www.csefrs.ma\/wp-content\/uploads\/2026\/04\/ISM_1060-copie-300x200.jpg 300w, https:\/\/www.csefrs.ma\/wp-content\/uploads\/2026\/04\/ISM_1060-copie-1024x683.jpg 1024w, https:\/\/www.csefrs.ma\/wp-content\/uploads\/2026\/04\/ISM_1060-copie-768x512.jpg 768w, https:\/\/www.csefrs.ma\/wp-content\/uploads\/2026\/04\/ISM_1060-copie-600x400.jpg 600w\" sizes=\"(max-width: 1200px) 100vw, 1200px\" \/><\/a> <\/div>\n          <div class=\"section\">\n\n\n            <h3 class=\"two-lines\" style=\"color:white;  line-height:1.5em;color:#343A46;\"> <a href=\"https:\/\/www.csefrs.ma\/fr\/le-president-du-conseil-recoit-la-directrice-de-linstitut-de-lunesco-pour-lapprentissage-tout-au-long-de-la-vie\/\">Le Pr\u00e9sident du Conseil re\u00e7oit la Directrice de l&rsquo;Institut de l&rsquo;UNESCO pour l&rsquo;apprentissage tout au long de la vie<\/a> <\/h3>\n<hr class=\"separator pt-2\" >\n      <div class=\"sec-action\">\n            <span style=\"color: #343A46; font-size: 16px;line-height:24px;\">\n              <i class=\"icomoon-the7-font-the7-sort-02\" style=\"color: #343A46; font-size: 16px;\"><\/i> 29 mai 2024  <\/span>\n              <span style=\"color: #343A46; font-size: 16px;line-height:24px;\">\n            <a href=\"https:\/\/www.csefrs.ma\/fr\/le-president-du-conseil-recoit-la-directrice-de-linstitut-de-lunesco-pour-lapprentissage-tout-au-long-de-la-vie\/\" style=\"color: #343A46; font-size: 16px;\">\n Lire la suite <i class=\"icomoon-the7-font-the7-plus-01\"><\/i> \n<\/a><\/span>\n           <\/div>   \n          <\/div>\n        <\/div>\n <\/div>\n    \n    \n<div class=\"col-md-4\">\n    <div class=\"has-border post-container mb-4\">\n          <div class=\"featured-img\"> <a href=\"https:\/\/www.csefrs.ma\/fr\/m-habib-el-malki-recoit-la-presidente-du-conseil-superieur-de-leducation-au-quebec-canada\/\"><img decoding=\"async\" width=\"2560\" height=\"1703\" src=\"https:\/\/www.csefrs.ma\/wp-content\/uploads\/2026\/04\/FLH-22-scaled-1.jpg\" class=\"attachment-full size-full wp-post-image\" alt=\"\" srcset=\"https:\/\/www.csefrs.ma\/wp-content\/uploads\/2026\/04\/FLH-22-scaled-1.jpg 2560w, https:\/\/www.csefrs.ma\/wp-content\/uploads\/2026\/04\/FLH-22-scaled-1-300x200.jpg 300w, https:\/\/www.csefrs.ma\/wp-content\/uploads\/2026\/04\/FLH-22-scaled-1-1024x681.jpg 1024w, https:\/\/www.csefrs.ma\/wp-content\/uploads\/2026\/04\/FLH-22-scaled-1-768x511.jpg 768w, https:\/\/www.csefrs.ma\/wp-content\/uploads\/2026\/04\/FLH-22-scaled-1-1536x1022.jpg 1536w, https:\/\/www.csefrs.ma\/wp-content\/uploads\/2026\/04\/FLH-22-scaled-1-2048x1362.jpg 2048w, https:\/\/www.csefrs.ma\/wp-content\/uploads\/2026\/04\/FLH-22-scaled-1-600x399.jpg 600w\" sizes=\"(max-width: 2560px) 100vw, 2560px\" \/><\/a> <\/div>\n          <div class=\"section\">\n\n\n            <h3 class=\"two-lines\" style=\"color:white;  line-height:1.5em;color:#343A46;\"> <a href=\"https:\/\/www.csefrs.ma\/fr\/m-habib-el-malki-recoit-la-presidente-du-conseil-superieur-de-leducation-au-quebec-canada\/\">M. Habib El Malki re\u00e7oit la Pr\u00e9sidente du Conseil Sup\u00e9rieur de l\u2019\u00c9ducation au Qu\u00e9bec-Canada<\/a> <\/h3>\n<hr class=\"separator pt-2\" >\n            <div class=\"sec-action\">\n            <span style=\"color: #343A46; font-size: 16px;line-height:24px;\">\n              <i class=\"icomoon-the7-font-the7-sort-02\" style=\"color: #343A46; font-size: 16px;\"><\/i> 23 mai 2024  <\/span>\n            <span style=\"color: #343A46; font-size: 16px;line-height:24px;\">\n            <a href=\"https:\/\/www.csefrs.ma\/fr\/m-habib-el-malki-recoit-la-presidente-du-conseil-superieur-de-leducation-au-quebec-canada\/\" style=\"color: #343A46; font-size: 16px;\"> Lire la suite <i class=\"icomoon-the7-font-the7-plus-01\"><\/i>\n<\/a><\/span>\n            <\/div>\n          <\/div>\n        <\/div>\n <\/div>\n    \n    \n<div class=\"col-md-4\">\n    <div class=\"has-border post-container mb-4\">\n          <div class=\"featured-img\"> <a href=\"https:\/\/www.csefrs.ma\/fr\/reunion-entre-m-habib-el-malki-et-la-directrice-executive-du-conseil-irlandais-de-lenseignement\/\"><img decoding=\"async\" width=\"2560\" height=\"1703\" src=\"https:\/\/www.csefrs.ma\/wp-content\/uploads\/2026\/04\/FLH-44-scaled-1.jpg\" class=\"attachment-full size-full wp-post-image\" alt=\"\" srcset=\"https:\/\/www.csefrs.ma\/wp-content\/uploads\/2026\/04\/FLH-44-scaled-1.jpg 2560w, https:\/\/www.csefrs.ma\/wp-content\/uploads\/2026\/04\/FLH-44-scaled-1-300x200.jpg 300w, https:\/\/www.csefrs.ma\/wp-content\/uploads\/2026\/04\/FLH-44-scaled-1-1024x681.jpg 1024w, https:\/\/www.csefrs.ma\/wp-content\/uploads\/2026\/04\/FLH-44-scaled-1-768x511.jpg 768w, https:\/\/www.csefrs.ma\/wp-content\/uploads\/2026\/04\/FLH-44-scaled-1-1536x1022.jpg 1536w, https:\/\/www.csefrs.ma\/wp-content\/uploads\/2026\/04\/FLH-44-scaled-1-2048x1362.jpg 2048w, https:\/\/www.csefrs.ma\/wp-content\/uploads\/2026\/04\/FLH-44-scaled-1-600x399.jpg 600w\" sizes=\"(max-width: 2560px) 100vw, 2560px\" \/> <\/a><\/div>\n          <div class=\"section\">\n\n\n            <h3 class=\"two-lines\" style=\"color:white; line-height:1.5em;color:#343A46;\"> <a href=\"https:\/\/www.csefrs.ma\/fr\/reunion-entre-m-habib-el-malki-et-la-directrice-executive-du-conseil-irlandais-de-lenseignement\/\">R\u00e9union entre M. Habib El Malki et la directrice ex\u00e9cutive du Conseil irlandais de l\u2019enseignement<\/a> <\/h3>\n<hr class=\"separator pt-2\" >\n                       <div class=\"sec-action\">\n            <span style=\"color: #343A46; font-size: 16px;line-height:24px;\">\n              <i class=\"icomoon-the7-font-the7-sort-02\" style=\"color: #343A46; font-size: 16px;\"><\/i> 23 mai 2024  <\/span>\n              <span style=\"color: #343A46; font-size: 16px;line-height:24px;\">\n            <a href=\"https:\/\/www.csefrs.ma\/fr\/reunion-entre-m-habib-el-malki-et-la-directrice-executive-du-conseil-irlandais-de-lenseignement\/\" style=\"color: #343A46; font-size: 16px;\"> Lire la suite <i class=\"icomoon-the7-font-the7-plus-01\"><\/i>\n<\/a><\/span>\n           <\/div>\n          <\/div>\n        <\/div>\n <\/div>\n    \n    \n    <div class=\"col-md-4\">\n<div class=\"has-border post-container mb-4\">\n          <div class=\"featured-img\"> <a href=\"https:\/\/www.csefrs.ma\/fr\/le-president-du-conseil-superieur-de-leducation-de-la-formation-et-de-la-recherche-scientifique-tient-une-seance-de-travail-avec-la-presidente-du-reseau-europeen-des-conseils-de-led\/\"><img decoding=\"async\" width=\"2560\" height=\"1703\" src=\"https:\/\/www.csefrs.ma\/wp-content\/uploads\/2026\/04\/FLH-20-scaled-1.jpg\" class=\"attachment-full size-full wp-post-image\" alt=\"\" srcset=\"https:\/\/www.csefrs.ma\/wp-content\/uploads\/2026\/04\/FLH-20-scaled-1.jpg 2560w, https:\/\/www.csefrs.ma\/wp-content\/uploads\/2026\/04\/FLH-20-scaled-1-300x200.jpg 300w, https:\/\/www.csefrs.ma\/wp-content\/uploads\/2026\/04\/FLH-20-scaled-1-1024x681.jpg 1024w, https:\/\/www.csefrs.ma\/wp-content\/uploads\/2026\/04\/FLH-20-scaled-1-768x511.jpg 768w, https:\/\/www.csefrs.ma\/wp-content\/uploads\/2026\/04\/FLH-20-scaled-1-1536x1022.jpg 1536w, https:\/\/www.csefrs.ma\/wp-content\/uploads\/2026\/04\/FLH-20-scaled-1-2048x1362.jpg 2048w, https:\/\/www.csefrs.ma\/wp-content\/uploads\/2026\/04\/FLH-20-scaled-1-600x399.jpg 600w\" sizes=\"(max-width: 2560px) 100vw, 2560px\" \/><\/a> <\/div>\n          <div class=\"section\">\n\n\n            <h3 class=\"two-lines\" style=\"color:white;  line-height:1.5em;color:#343A46;\"> <a href=\"https:\/\/www.csefrs.ma\/fr\/le-president-du-conseil-superieur-de-leducation-de-la-formation-et-de-la-recherche-scientifique-tient-une-seance-de-travail-avec-la-presidente-du-reseau-europeen-des-conseils-de-led\/\">Le Pr\u00e9sident du Conseil Sup\u00e9rieur de l\u2019\u00c9ducation, de la Formation et de la Recherche Scientifique tient une s\u00e9ance de travail avec la Pr\u00e9sidente du R\u00e9seau europ\u00e9en des conseils de l\u2019\u00e9ducation &#8211; EUNEC<\/a> <\/h3>\n<hr class=\"separator pt-2\" >\n      <div class=\"sec-action\">\n            <span style=\"color: #343A46; font-size: 16px;line-height:24px;\">\n              <i class=\"icomoon-the7-font-the7-sort-02\" style=\"color: #343A46; font-size: 16px;\"><\/i> 23 mai 2024  <\/span>\n              <span style=\"color: #343A46; font-size: 16px;line-height:24px;\">\n            <a href=\"https:\/\/www.csefrs.ma\/fr\/le-president-du-conseil-superieur-de-leducation-de-la-formation-et-de-la-recherche-scientifique-tient-une-seance-de-travail-avec-la-presidente-du-reseau-europeen-des-conseils-de-led\/\" style=\"color: #343A46; font-size: 16px;\">\n Lire la suite <i class=\"icomoon-the7-font-the7-plus-01\"><\/i> \n<\/a><\/span>\n           <\/div>   \n          <\/div>\n        <\/div>\n <\/div>\n    \n    \n<div class=\"col-md-4\">\n    <div class=\"has-border post-container mb-4\">\n          <div class=\"featured-img\"> <a href=\"https:\/\/www.csefrs.ma\/fr\/le-president-du-conseil-superieur-de-leducation-de-la-formation-et-de-la-recherche-scientifique-et-son-homologue-mauritanien-examinent-les-perspectives-de-cooperation-entre-les-deux-institut\/\"><img decoding=\"async\" width=\"1280\" height=\"960\" src=\"https:\/\/www.csefrs.ma\/wp-content\/uploads\/2026\/04\/IMG_2780.jpeg\" class=\"attachment-full size-full wp-post-image\" alt=\"\" srcset=\"https:\/\/www.csefrs.ma\/wp-content\/uploads\/2026\/04\/IMG_2780.jpeg 1280w, https:\/\/www.csefrs.ma\/wp-content\/uploads\/2026\/04\/IMG_2780-300x225.jpeg 300w, https:\/\/www.csefrs.ma\/wp-content\/uploads\/2026\/04\/IMG_2780-1024x768.jpeg 1024w, https:\/\/www.csefrs.ma\/wp-content\/uploads\/2026\/04\/IMG_2780-768x576.jpeg 768w, https:\/\/www.csefrs.ma\/wp-content\/uploads\/2026\/04\/IMG_2780-600x450.jpeg 600w\" sizes=\"(max-width: 1280px) 100vw, 1280px\" \/><\/a> <\/div>\n          <div class=\"section\">\n\n\n            <h3 class=\"two-lines\" style=\"color:white;  line-height:1.5em;color:#343A46;\"> <a href=\"https:\/\/www.csefrs.ma\/fr\/le-president-du-conseil-superieur-de-leducation-de-la-formation-et-de-la-recherche-scientifique-et-son-homologue-mauritanien-examinent-les-perspectives-de-cooperation-entre-les-deux-institut\/\">Le Pr\u00e9sident du Conseil Sup\u00e9rieur de l\u2019\u00c9ducation, de la Formation et de la Recherche Scientifique et son homologue mauritanien examinent les perspectives de coop\u00e9ration entre les deux institutions<\/a> <\/h3>\n<hr class=\"separator pt-2\" >\n            <div class=\"sec-action\">\n            <span style=\"color: #343A46; font-size: 16px;line-height:24px;\">\n              <i class=\"icomoon-the7-font-the7-sort-02\" style=\"color: #343A46; font-size: 16px;\"><\/i> 5 mars 2024  <\/span>\n            <span style=\"color: #343A46; font-size: 16px;line-height:24px;\">\n            <a href=\"https:\/\/www.csefrs.ma\/fr\/le-president-du-conseil-superieur-de-leducation-de-la-formation-et-de-la-recherche-scientifique-et-son-homologue-mauritanien-examinent-les-perspectives-de-cooperation-entre-les-deux-institut\/\" style=\"color: #343A46; font-size: 16px;\"> Lire la suite <i class=\"icomoon-the7-font-the7-plus-01\"><\/i>\n<\/a><\/span>\n            <\/div>\n          <\/div>\n        <\/div>\n <\/div>\n    \n    \n<div class=\"col-md-4\">\n    <div class=\"has-border post-container mb-4\">\n          <div class=\"featured-img\"> <a href=\"https:\/\/www.csefrs.ma\/fr\/le-conseil-superieur-de-leducation-de-la-formation-et-de-la-recherche-scientifique-recoit-une-delegation-de-lecole-africaine-de-physique-fondamentale-et-appliquee\/\"><img decoding=\"async\" width=\"1200\" height=\"798\" src=\"https:\/\/www.csefrs.ma\/wp-content\/uploads\/2026\/04\/CSEFRS-74.jpg\" class=\"attachment-full size-full wp-post-image\" alt=\"\" srcset=\"https:\/\/www.csefrs.ma\/wp-content\/uploads\/2026\/04\/CSEFRS-74.jpg 1200w, https:\/\/www.csefrs.ma\/wp-content\/uploads\/2026\/04\/CSEFRS-74-300x200.jpg 300w, https:\/\/www.csefrs.ma\/wp-content\/uploads\/2026\/04\/CSEFRS-74-1024x681.jpg 1024w, https:\/\/www.csefrs.ma\/wp-content\/uploads\/2026\/04\/CSEFRS-74-768x511.jpg 768w, https:\/\/www.csefrs.ma\/wp-content\/uploads\/2026\/04\/CSEFRS-74-600x399.jpg 600w\" sizes=\"(max-width: 1200px) 100vw, 1200px\" \/> <\/a><\/div>\n          <div class=\"section\">\n\n\n            <h3 class=\"two-lines\" style=\"color:white; line-height:1.5em;color:#343A46;\"> <a href=\"https:\/\/www.csefrs.ma\/fr\/le-conseil-superieur-de-leducation-de-la-formation-et-de-la-recherche-scientifique-recoit-une-delegation-de-lecole-africaine-de-physique-fondamentale-et-appliquee\/\">Le Conseil Sup\u00e9rieur de l\u2019\u00c9ducation, de la Formation et de la Recherche Scientifique re\u00e7oit une d\u00e9l\u00e9gation de l\u2019\u00c9cole Africaine de Physique fondamentale et appliqu\u00e9e<\/a> <\/h3>\n<hr class=\"separator pt-2\" >\n                       <div class=\"sec-action\">\n            <span style=\"color: #343A46; font-size: 16px;line-height:24px;\">\n              <i class=\"icomoon-the7-font-the7-sort-02\" style=\"color: #343A46; font-size: 16px;\"><\/i> 15 f\u00e9vrier 2024  <\/span>\n              <span style=\"color: #343A46; font-size: 16px;line-height:24px;\">\n            <a href=\"https:\/\/www.csefrs.ma\/fr\/le-conseil-superieur-de-leducation-de-la-formation-et-de-la-recherche-scientifique-recoit-une-delegation-de-lecole-africaine-de-physique-fondamentale-et-appliquee\/\" style=\"color: #343A46; font-size: 16px;\"> Lire la suite <i class=\"icomoon-the7-font-the7-plus-01\"><\/i>\n<\/a><\/span>\n           <\/div>\n          <\/div>\n        <\/div>\n <\/div>\n    \n\n\n\n      <\/div> \n  \n  \n  \n\n\n<ul class=\"wpv-pagination-nav-links-container js-wpv-pagination-nav-links-container pagination\"><li class=\"wpv-pagination-nav-links-item js-wpv-pagination-nav-links-item page-item wpv-page-link-38542-CATTR96e533cb56cfebd4d21a47bccd59e614-1 js-wpv-page-link-38542-CATTR96e533cb56cfebd4d21a47bccd59e614-1 wpv_page_current wpv-pagination-nav-links-item-current active\"><span class=\"wpv-filter-pagination-link page-link\">1<\/span><\/li><li class=\"wpv-pagination-nav-links-item js-wpv-pagination-nav-links-item page-item wpv-page-link-38542-CATTR96e533cb56cfebd4d21a47bccd59e614-2 js-wpv-page-link-38542-CATTR96e533cb56cfebd4d21a47bccd59e614-2\"><a class=\"wpv-filter-pagination-link js-wpv-pagination-link page-link\" title=\"2\" href=\"\/fr\/wp-json\/wp\/v2\/pages\/45525?wpv_view_count=38542-CATTR96e533cb56cfebd4d21a47bccd59e614&#038;wpv_paged=2\" data-viewnumber=\"38542-CATTR96e533cb56cfebd4d21a47bccd59e614\" data-page=\"2\">2<\/a><\/li><li  class=\"page-item\"><a class=\"wpv-filter-next-link js-wpv-pagination-next-link page-link \"  href=\"\/fr\/wp-json\/wp\/v2\/pages\/45525?wpv_view_count=38542-CATTR96e533cb56cfebd4d21a47bccd59e614&#038;wpv_paged=2\"\n\t\t\t\t\tdata-viewnumber=\"38542-CATTR96e533cb56cfebd4d21a47bccd59e614\" data-page=\"2\">Suivant<\/a><\/li><\/ul>\n\n\n<\/div>\n\n[\/vc_column_text][\/vc_column][\/vc_row]<\/p>\n<\/div>","protected":false},"excerpt":{"rendered":"<p>[vc_row content_placement=\u00a0\u00bbmiddle\u00a0\u00bb type=\u00a0\u00bbvc_default\u00a0\u00bb el_class=\u00a0\u00bbbg-sec\u00a0\u00bb][vc_column][vc_column_text css=\u00a0\u00bb\u00a0\u00bb] Activit\u00e9s de partenariat et de coop\u00e9ration [\/vc_column_text][\/vc_column][\/vc_row][vc_row css=\u00a0\u00bb.vc_custom_1770278729799{margin-right: 0px !important;margin-left: 0px !important;}\u00a0\u00bb][vc_column][vc_column_text css=\u00a0\u00bb\u00a0\u00bb] Cat\u00e9goriesActualit\u00e9s du ConseilCommuniqu\u00e9s de presseActivit\u00e9s du ConseilActivit\u00e9s du Pr\u00e9sident du ConseilAllocutions du&hellip;<\/p>\n","protected":false},"author":696,"featured_media":0,"parent":0,"menu_order":0,"comment_status":"closed","ping_status":"closed","template":"","meta":{"footnotes":""},"class_list":["post-45525","page","type-page","status-publish","hentry","description-off"],"yoast_head":"<!-- This site is optimized with the Yoast SEO plugin v28.3 - https:\/\/yoast.com\/product\/yoast-seo-wordpress\/ -->\n<title>Activit\u00e9s de partenariat et coop\u00e9ration | CSEFRS<\/title>\n<meta name=\"description\" content=\"Suivez les activit\u00e9s de partenariat et coop\u00e9ration du CSEFRS : visites de travail, \u00e9v\u00e9nements communs et initiatives avec les partenaires nationaux et internationaux.\" \/>\n<meta name=\"robots\" content=\"index, follow, max-snippet:-1, max-image-preview:large, max-video-preview:-1\" \/>\n<link rel=\"canonical\" href=\"https:\/\/www.csefrs.ma\/fr\/activites-de-partenariat-et-de-cooperation\/\" \/>\n<meta property=\"og:locale\" content=\"fr_FR\" \/>\n<meta property=\"og:type\" content=\"article\" \/>\n<meta property=\"og:title\" content=\"Activit\u00e9s de partenariat et coop\u00e9ration | CSEFRS\" \/>\n<meta property=\"og:description\" content=\"\u00c9v\u00e9nements et activit\u00e9s men\u00e9es dans le cadre des partenariats nationaux et internationaux du CSEFRS.\" \/>\n<meta property=\"og:url\" content=\"https:\/\/www.csefrs.ma\/fr\/activites-de-partenariat-et-de-cooperation\/\" \/>\n<meta property=\"og:site_name\" content=\"Conseil sup\u00e9rieur de l\u2019\u00e9ducation, de la formation et de la recherche scientifique\" \/>\n<meta property=\"article:modified_time\" content=\"2026-08-12T16:26:12+00:00\" \/>\n<meta name=\"twitter:card\" content=\"summary_large_image\" \/>\n<meta name=\"twitter:title\" content=\"Activit\u00e9s de partenariat et coop\u00e9ration | CSEFRS\" \/>\n<meta name=\"twitter:description\" content=\"\u00c9v\u00e9nements et activit\u00e9s men\u00e9es dans le cadre des partenariats nationaux et internationaux du CSEFRS.\" \/>\n<meta name=\"twitter:label1\" content=\"Dur\u00e9e de lecture estim\u00e9e\" \/>\n\t<meta name=\"twitter:data1\" content=\"1 minute\" \/>\n<script type=\"application\/ld+json\" class=\"yoast-schema-graph\">{\"@context\":\"https:\\\/\\\/schema.org\",\"@graph\":[{\"@type\":\"WebPage\",\"@id\":\"https:\\\/\\\/www.csefrs.ma\\\/fr\\\/activites-de-partenariat-et-de-cooperation\\\/\",\"url\":\"https:\\\/\\\/www.csefrs.ma\\\/fr\\\/activites-de-partenariat-et-de-cooperation\\\/\",\"name\":\"Activit\u00e9s de partenariat et coop\u00e9ration | CSEFRS\",\"isPartOf\":{\"@id\":\"https:\\\/\\\/www.csefrs.ma\\\/fr\\\/#website\"},\"datePublished\":\"2026-05-12T10:20:54+00:00\",\"dateModified\":\"2026-08-12T16:26:12+00:00\",\"description\":\"Suivez les activit\u00e9s de partenariat et coop\u00e9ration du CSEFRS : visites de travail, \u00e9v\u00e9nements communs et initiatives avec les partenaires nationaux et internationaux.\",\"breadcrumb\":{\"@id\":\"https:\\\/\\\/www.csefrs.ma\\\/fr\\\/activites-de-partenariat-et-de-cooperation\\\/#breadcrumb\"},\"inLanguage\":\"fr-FR\",\"potentialAction\":[{\"@type\":\"ReadAction\",\"target\":[\"https:\\\/\\\/www.csefrs.ma\\\/fr\\\/activites-de-partenariat-et-de-cooperation\\\/\"]}]},{\"@type\":\"BreadcrumbList\",\"@id\":\"https:\\\/\\\/www.csefrs.ma\\\/fr\\\/activites-de-partenariat-et-de-cooperation\\\/#breadcrumb\",\"itemListElement\":[{\"@type\":\"ListItem\",\"position\":1,\"name\":\"Accueil\",\"item\":\"https:\\\/\\\/www.csefrs.ma\\\/fr\\\/\"},{\"@type\":\"ListItem\",\"position\":2,\"name\":\"Activit\u00e9s de partenariat et de coop\u00e9ration\"}]},{\"@type\":\"WebSite\",\"@id\":\"https:\\\/\\\/www.csefrs.ma\\\/fr\\\/#website\",\"url\":\"https:\\\/\\\/www.csefrs.ma\\\/fr\\\/\",\"name\":\"\u0627\u0644\u0645\u062c\u0644\u0633 \u0627\u0644\u0623\u0639\u0644\u0649 \u0644\u0644\u062a\u0631\u0628\u064a\u0629 \u0648\u0627\u0644\u062a\u0643\u0648\u064a\u0646 \u0648\u0627\u0644\u0628\u062d\u062b \u0627\u0644\u0639\u0644\u0645\u064a\",\"description\":\"\",\"publisher\":{\"@id\":\"https:\\\/\\\/www.csefrs.ma\\\/fr\\\/#organization\"},\"potentialAction\":[{\"@type\":\"SearchAction\",\"target\":{\"@type\":\"EntryPoint\",\"urlTemplate\":\"https:\\\/\\\/www.csefrs.ma\\\/fr\\\/?s={search_term_string}\"},\"query-input\":{\"@type\":\"PropertyValueSpecification\",\"valueRequired\":true,\"valueName\":\"search_term_string\"}}],\"inLanguage\":\"fr-FR\"},{\"@type\":\"Organization\",\"@id\":\"https:\\\/\\\/www.csefrs.ma\\\/fr\\\/#organization\",\"name\":\"Conseil sup\u00e9rieur de l\u2019\u00e9ducation, de la formation et de la recherche scientifique\",\"url\":\"https:\\\/\\\/www.csefrs.ma\\\/fr\\\/\",\"logo\":{\"@type\":\"ImageObject\",\"inLanguage\":\"fr-FR\",\"@id\":\"https:\\\/\\\/www.csefrs.ma\\\/fr\\\/#\\\/schema\\\/logo\\\/image\\\/\",\"url\":\"https:\\\/\\\/www.csefrs.ma\\\/wp-content\\\/uploads\\\/2025\\\/10\\\/logo-capture.png\",\"contentUrl\":\"https:\\\/\\\/www.csefrs.ma\\\/wp-content\\\/uploads\\\/2025\\\/10\\\/logo-capture.png\",\"width\":1468,\"height\":226,\"caption\":\"Conseil sup\u00e9rieur de l\u2019\u00e9ducation, de la formation et de la recherche scientifique\"},\"image\":{\"@id\":\"https:\\\/\\\/www.csefrs.ma\\\/fr\\\/#\\\/schema\\\/logo\\\/image\\\/\"},\"sameAs\":[\"https:\\\/\\\/www.youtube.com\\\/csefrsofficiel\",\"https:\\\/\\\/www.linkedin.com\\\/company\\\/csefrs\\\/\"]}]}<\/script>\n<!-- \/ Yoast SEO plugin. -->","yoast_head_json":{"title":"Activit\u00e9s de partenariat et coop\u00e9ration | CSEFRS","description":"Suivez les activit\u00e9s de partenariat et coop\u00e9ration du CSEFRS : visites de travail, \u00e9v\u00e9nements communs et initiatives avec les partenaires nationaux et internationaux.","robots":{"index":"index","follow":"follow","max-snippet":"max-snippet:-1","max-image-preview":"max-image-preview:large","max-video-preview":"max-video-preview:-1"},"canonical":"https:\/\/www.csefrs.ma\/fr\/activites-de-partenariat-et-de-cooperation\/","og_locale":"fr_FR","og_type":"article","og_title":"Activit\u00e9s de partenariat et coop\u00e9ration | CSEFRS","og_description":"\u00c9v\u00e9nements et activit\u00e9s men\u00e9es dans le cadre des partenariats nationaux et internationaux du CSEFRS.","og_url":"https:\/\/www.csefrs.ma\/fr\/activites-de-partenariat-et-de-cooperation\/","og_site_name":"Conseil sup\u00e9rieur de l\u2019\u00e9ducation, de la formation et de la recherche scientifique","article_modified_time":"2026-08-12T16:26:12+00:00","twitter_card":"summary_large_image","twitter_title":"Activit\u00e9s de partenariat et coop\u00e9ration | CSEFRS","twitter_description":"\u00c9v\u00e9nements et activit\u00e9s men\u00e9es dans le cadre des partenariats nationaux et internationaux du CSEFRS.","twitter_misc":{"Dur\u00e9e de lecture estim\u00e9e":"1 minute"},"schema":{"@context":"https:\/\/schema.org","@graph":[{"@type":"WebPage","@id":"https:\/\/www.csefrs.ma\/fr\/activites-de-partenariat-et-de-cooperation\/","url":"https:\/\/www.csefrs.ma\/fr\/activites-de-partenariat-et-de-cooperation\/","name":"Activit\u00e9s de partenariat et coop\u00e9ration | CSEFRS","isPartOf":{"@id":"https:\/\/www.csefrs.ma\/fr\/#website"},"datePublished":"2026-05-12T10:20:54+00:00","dateModified":"2026-08-12T16:26:12+00:00","description":"Suivez les activit\u00e9s de partenariat et coop\u00e9ration du CSEFRS : visites de travail, \u00e9v\u00e9nements communs et initiatives avec les partenaires nationaux et internationaux.","breadcrumb":{"@id":"https:\/\/www.csefrs.ma\/fr\/activites-de-partenariat-et-de-cooperation\/#breadcrumb"},"inLanguage":"fr-FR","potentialAction":[{"@type":"ReadAction","target":["https:\/\/www.csefrs.ma\/fr\/activites-de-partenariat-et-de-cooperation\/"]}]},{"@type":"BreadcrumbList","@id":"https:\/\/www.csefrs.ma\/fr\/activites-de-partenariat-et-de-cooperation\/#breadcrumb","itemListElement":[{"@type":"ListItem","position":1,"name":"Accueil","item":"https:\/\/www.csefrs.ma\/fr\/"},{"@type":"ListItem","position":2,"name":"Activit\u00e9s de partenariat et de coop\u00e9ration"}]},{"@type":"WebSite","@id":"https:\/\/www.csefrs.ma\/fr\/#website","url":"https:\/\/www.csefrs.ma\/fr\/","name":"\u0627\u0644\u0645\u062c\u0644\u0633 \u0627\u0644\u0623\u0639\u0644\u0649 \u0644\u0644\u062a\u0631\u0628\u064a\u0629 \u0648\u0627\u0644\u062a\u0643\u0648\u064a\u0646 \u0648\u0627\u0644\u0628\u062d\u062b \u0627\u0644\u0639\u0644\u0645\u064a","description":"","publisher":{"@id":"https:\/\/www.csefrs.ma\/fr\/#organization"},"potentialAction":[{"@type":"SearchAction","target":{"@type":"EntryPoint","urlTemplate":"https:\/\/www.csefrs.ma\/fr\/?s={search_term_string}"},"query-input":{"@type":"PropertyValueSpecification","valueRequired":true,"valueName":"search_term_string"}}],"inLanguage":"fr-FR"},{"@type":"Organization","@id":"https:\/\/www.csefrs.ma\/fr\/#organization","name":"Conseil sup\u00e9rieur de l\u2019\u00e9ducation, de la formation et de la recherche scientifique","url":"https:\/\/www.csefrs.ma\/fr\/","logo":{"@type":"ImageObject","inLanguage":"fr-FR","@id":"https:\/\/www.csefrs.ma\/fr\/#\/schema\/logo\/image\/","url":"https:\/\/www.csefrs.ma\/wp-content\/uploads\/2025\/10\/logo-capture.png","contentUrl":"https:\/\/www.csefrs.ma\/wp-content\/uploads\/2025\/10\/logo-capture.png","width":1468,"height":226,"caption":"Conseil sup\u00e9rieur de l\u2019\u00e9ducation, de la formation et de la recherche scientifique"},"image":{"@id":"https:\/\/www.csefrs.ma\/fr\/#\/schema\/logo\/image\/"},"sameAs":["https:\/\/www.youtube.com\/csefrsofficiel","https:\/\/www.linkedin.com\/company\/csefrs\/"]}]}},"_links":{"self":[{"href":"https:\/\/www.csefrs.ma\/fr\/wp-json\/wp\/v2\/pages\/45525","targetHints":{"allow":["GET"]}}],"collection":[{"href":"https:\/\/www.csefrs.ma\/fr\/wp-json\/wp\/v2\/pages"}],"about":[{"href":"https:\/\/www.csefrs.ma\/fr\/wp-json\/wp\/v2\/types\/page"}],"author":[{"embeddable":true,"href":"https:\/\/www.csefrs.ma\/fr\/wp-json\/wp\/v2\/users\/696"}],"replies":[{"embeddable":true,"href":"https:\/\/www.csefrs.ma\/fr\/wp-json\/wp\/v2\/comments?post=45525"}],"version-history":[{"count":2,"href":"https:\/\/www.csefrs.ma\/fr\/wp-json\/wp\/v2\/pages\/45525\/revisions"}],"predecessor-version":[{"id":45527,"href":"https:\/\/www.csefrs.ma\/fr\/wp-json\/wp\/v2\/pages\/45525\/revisions\/45527"}],"wp:attachment":[{"href":"https:\/\/www.csefrs.ma\/fr\/wp-json\/wp\/v2\/media?parent=45525"}],"curies":[{"name":"wp","href":"https:\/\/api.w.org\/{rel}","templated":true}]}}