{"id":39628,"date":"2026-01-27T17:01:31","date_gmt":"2026-01-27T16:01:31","guid":{"rendered":"https:\/\/csefrs.lifemoz.com\/%d9%83%d9%84%d9%85%d8%a7%d8%aa-%d9%88%d8%ae%d8%b7%d8%a8-%d8%b1%d8%a6%d9%8a%d8%b3%d8%a9-%d8%a7%d9%84%d9%85%d8%ac%d9%84%d8%b3\/"},"modified":"2026-08-13T10:38:38","modified_gmt":"2026-08-13T09:38:38","slug":"discours-et-allocutions-de-la-presidente-du-conseil","status":"publish","type":"page","link":"https:\/\/www.csefrs.ma\/fr\/discours-et-allocutions-de-la-presidente-du-conseil\/","title":{"rendered":"Discours et allocutions de la pr\u00e9sidente du Conseil"},"content":{"rendered":"<div class=\"wpb-content-wrapper\" id=\"wpb-content-root\"><p>[vc_row content_placement=\u00a0\u00bbmiddle\u00a0\u00bb css=\u00a0\u00bb.vc_custom_1772118646183{margin-top: 0px !important;margin-bottom: 0px !important;}\u00a0\u00bb el_class=\u00a0\u00bbbg-sec\u00a0\u00bb][vc_column][vc_column_text css=\u00a0\u00bb\u00a0\u00bb]<\/p>\n<h1 class=\"first-title\" style=\"text-align: center;\">Discours et allocutions de la pr\u00e9sidente du Conseil<\/h1>\n<p>[\/vc_column_text][\/vc_column][\/vc_row][vc_row css=\u00a0\u00bb.vc_custom_1772119165761{margin-top: 30px !important;}\u00a0\u00bb][vc_column][vc_column_text css=\u00a0\u00bb\u00a0\u00bb]<form autocomplete=\"off\" name=\"wpv-filter-38542-CATTR0636dc1a99136bbbceb8947948027a4c\" action=\"\/fr\/wp-json\/wp\/v2\/pages\/39628?wpv_view_count=38542-CATTR0636dc1a99136bbbceb8947948027a4c\" method=\"get\" class=\"wpv-filter-form js-wpv-filter-form js-wpv-filter-form-38542-CATTR0636dc1a99136bbbceb8947948027a4c js-wpv-form-full\" data-viewnumber=\"38542-CATTR0636dc1a99136bbbceb8947948027a4c\" data-viewid=\"38542\" data-viewhash=\"eyJuYW1lIjoiYXJ0aWNsZXMtdmlld3MtcGFnZS1pbnRlcm5lIiwiY2FjaGVkIjoib2ZmIiwid3B2Y2F0ZWdvcnkiOiJcdTA2NDNcdTA2NDRcdTA2NDVcdTA2MjdcdTA2MmEtXHUwNjMxXHUwNjI2XHUwNjRhXHUwNjMzXHUwNjI5LVx1MDYyN1x1MDY0NFx1MDY0NVx1MDYyY1x1MDY0NFx1MDYzMyJ9\" data-viewwidgetid=\"0\" data-orderby=\"\" data-order=\"\" data-orderbyas=\"\" data-orderbysecond=\"\" data-ordersecond=\"\" data-parametric=\"{&quot;query&quot;:&quot;normal&quot;,&quot;id&quot;:38542,&quot;view_id&quot;:38542,&quot;widget_id&quot;:0,&quot;view_hash&quot;:&quot;38542-CATTR0636dc1a99136bbbceb8947948027a4c&quot;,&quot;action&quot;:&quot;\\\/fr\\\/wp-json\\\/wp\\\/v2\\\/pages\\\/39628?wpv_view_count=38542-CATTR0636dc1a99136bbbceb8947948027a4c&quot;,&quot;sort&quot;:{&quot;orderby&quot;:&quot;&quot;,&quot;order&quot;:&quot;&quot;,&quot;orderby_as&quot;:&quot;&quot;,&quot;orderby_second&quot;:&quot;&quot;,&quot;order_second&quot;:&quot;&quot;},&quot;orderby&quot;:&quot;&quot;,&quot;order&quot;:&quot;&quot;,&quot;orderby_as&quot;:&quot;&quot;,&quot;orderby_second&quot;:&quot;&quot;,&quot;order_second&quot;:&quot;&quot;,&quot;ajax_form&quot;:&quot;&quot;,&quot;ajax_results&quot;:&quot;&quot;,&quot;effect&quot;:&quot;fade&quot;,&quot;prebefore&quot;:&quot;&quot;,&quot;before&quot;:&quot;&quot;,&quot;after&quot;:&quot;&quot;,&quot;attributes&quot;:{&quot;cached&quot;:&quot;off&quot;,&quot;wpvcategory&quot;:&quot;\\u0643\\u0644\\u0645\\u0627\\u062a-\\u0631\\u0626\\u064a\\u0633\\u0629-\\u0627\\u0644\\u0645\\u062c\\u0644\\u0633&quot;},&quot;environment&quot;:{&quot;current_post_id&quot;:39628,&quot;parent_post_id&quot;:39628,&quot;parent_term_id&quot;:0,&quot;parent_user_id&quot;:0,&quot;archive&quot;:{&quot;type&quot;:&quot;&quot;,&quot;name&quot;:&quot;&quot;,&quot;data&quot;:[]}},&quot;loop&quot;:{&quot;type&quot;:&quot;&quot;,&quot;name&quot;:&quot;&quot;,&quot;data&quot;:[],&quot;id&quot;:0}}\" data-attributes=\"{&quot;cached&quot;:&quot;off&quot;,&quot;wpvcategory&quot;:&quot;\\u0643\\u0644\\u0645\\u0627\\u062a-\\u0631\\u0626\\u064a\\u0633\\u0629-\\u0627\\u0644\\u0645\\u062c\\u0644\\u0633&quot;}\" data-environment=\"{&quot;current_post_id&quot;:39628,&quot;parent_post_id&quot;:39628,&quot;parent_term_id&quot;:0,&quot;parent_user_id&quot;:0,&quot;archive&quot;:{&quot;type&quot;:&quot;&quot;,&quot;name&quot;:&quot;&quot;,&quot;data&quot;:[]}}\"><input type=\"hidden\" class=\"js-wpv-dps-filter-data js-wpv-filter-data-for-this-form\" data-action=\"\/fr\/wp-json\/wp\/v2\/pages\/39628?wpv_view_count=38542-CATTR0636dc1a99136bbbceb8947948027a4c\" data-page=\"1\" data-ajax=\"disable\" data-effect=\"fade\" data-maxpages=\"4\" data-ajaxprebefore=\"\" data-ajaxbefore=\"\" data-ajaxafter=\"\" \/><input class=\"wpv_view_count wpv_view_count-38542-CATTR0636dc1a99136bbbceb8947948027a4c\" type=\"hidden\" name=\"wpv_view_count\" value=\"38542-CATTR0636dc1a99136bbbceb8947948027a4c\" \/>\n\n\n<\/form>\n<div id=\"wpv-view-layout-38542-CATTR0636dc1a99136bbbceb8947948027a4c\" class=\"js-wpv-view-layout js-wpv-layout-responsive js-wpv-view-layout-38542-CATTR0636dc1a99136bbbceb8947948027a4c wpv-pagination js-wpv-layout-has-pagination wpv-pagination-preload-images js-wpv-layout-preload-images wpv-pagination-preload-pages js-wpv-layout-preload-pages\" style=\"visibility:hidden;\" data-viewnumber=\"38542-CATTR0636dc1a99136bbbceb8947948027a4c\" data-pagination=\"{&quot;id&quot;:38542,&quot;query&quot;:&quot;normal&quot;,&quot;type&quot;:&quot;ajaxed&quot;,&quot;effect&quot;:&quot;fade&quot;,&quot;duration&quot;:400,&quot;speed&quot;:5,&quot;pause_on_hover&quot;:&quot;enabled&quot;,&quot;stop_rollover&quot;:&quot;false&quot;,&quot;cache_pages&quot;:&quot;enabled&quot;,&quot;preload_images&quot;:&quot;enabled&quot;,&quot;preload_pages&quot;:&quot;enabled&quot;,&quot;preload_reach&quot;:4,&quot;spinner&quot;:&quot;builtin&quot;,&quot;spinner_image&quot;:&quot;https:\/\/csefrs.ma\/wp-content\/plugins\/wp-views\/embedded\/res\/img\/ajax-loader3.svg&quot;,&quot;callback_next&quot;:&quot;&quot;,&quot;manage_history&quot;:&quot;enabled&quot;,&quot;has_controls_in_form&quot;:&quot;disabled&quot;,&quot;infinite_tolerance&quot;:0,&quot;max_pages&quot;:4,&quot;page&quot;:1,&quot;base_permalink&quot;:&quot;\/fr\/wp-json\/wp\/v2\/pages\/39628?wpv_view_count=38542-CATTR0636dc1a99136bbbceb8947948027a4c&amp;wpv_paged=WPV_PAGE_NUM&quot;,&quot;loop&quot;:{&quot;type&quot;:&quot;&quot;,&quot;name&quot;:&quot;&quot;,&quot;data&quot;:[],&quot;id&quot;:0}}\" data-permalink=\"\/fr\/wp-json\/wp\/v2\/pages\/39628?wpv_view_count=38542-CATTR0636dc1a99136bbbceb8947948027a4c\">\n\n  \n<div class=\"filters\"><form autocomplete=\"off\" action=\"https:\/\/www.csefrs.ma\/fr\/actualites-et-activites\/\" method=\"get\" class=\"wpv-filter-form js-wpv-filter-form js-wpv-filter-form-35655 js-wpv-form-only\" data-viewnumber=\"35655\" data-targetid=\"39418\" data-viewid=\"35655\" data-viewhash=\"eyJuYW1lIjoiYXJ0aWNsZXMtdmlld3MtcGFnZSIsInRhcmdldF9pZCI6IjM4NDE1In0=\" data-viewwidgetid=\"0\" data-orderby=\"\" data-order=\"\" data-orderbyas=\"\" data-orderbysecond=\"\" data-ordersecond=\"\" data-parametric=\"{&quot;query&quot;:&quot;normal&quot;,&quot;id&quot;:&quot;35655&quot;,&quot;view_id&quot;:&quot;35655&quot;,&quot;widget_id&quot;:0,&quot;view_hash&quot;:&quot;35655&quot;,&quot;action&quot;:&quot;https:\/\/www.csefrs.ma\/fr\/actualites-et-activites\/&quot;,&quot;sort&quot;:{&quot;orderby&quot;:&quot;&quot;,&quot;order&quot;:&quot;&quot;,&quot;orderby_as&quot;:&quot;&quot;,&quot;orderby_second&quot;:&quot;&quot;,&quot;order_second&quot;:&quot;&quot;},&quot;orderby&quot;:&quot;&quot;,&quot;order&quot;:&quot;&quot;,&quot;orderby_as&quot;:&quot;&quot;,&quot;orderby_second&quot;:&quot;&quot;,&quot;order_second&quot;:&quot;&quot;,&quot;ajax_form&quot;:&quot;&quot;,&quot;ajax_results&quot;:&quot;&quot;,&quot;effect&quot;:&quot;fade&quot;,&quot;prebefore&quot;:&quot;&quot;,&quot;before&quot;:&quot;&quot;,&quot;after&quot;:&quot;&quot;,&quot;attributes&quot;:[],&quot;environment&quot;:{&quot;current_post_id&quot;:39628,&quot;parent_post_id&quot;:39628,&quot;parent_term_id&quot;:0,&quot;parent_user_id&quot;:0,&quot;archive&quot;:{&quot;type&quot;:&quot;&quot;,&quot;name&quot;:&quot;&quot;,&quot;data&quot;:[]}},&quot;loop&quot;:{&quot;type&quot;:&quot;&quot;,&quot;name&quot;:&quot;&quot;,&quot;data&quot;:[],&quot;id&quot;:0}}\" data-attributes=\"[]\" data-environment=\"{&quot;current_post_id&quot;:39628,&quot;parent_post_id&quot;:39628,&quot;parent_term_id&quot;:0,&quot;parent_user_id&quot;:0,&quot;archive&quot;:{&quot;type&quot;:&quot;&quot;,&quot;name&quot;:&quot;&quot;,&quot;data&quot;:[]}}\"><input type=\"hidden\" class=\"js-wpv-dps-filter-data js-wpv-filter-data-for-this-form\" data-action=\"https:\/\/www.csefrs.ma\/fr\/actualites-et-activites\/\" data-page=\"1\" data-ajax=\"disable\" data-effect=\"fade\" data-ajaxprebefore=\"\" data-ajaxbefore=\"\" data-ajaxafter=\"\" \/><input class=\"wpv_view_count wpv_view_count-35655\" type=\"hidden\" name=\"wpv_view_count\" value=\"35655\" \/>\n\n\n<div class=\"searshFields\">\n  <div class=\"form-group\">\n      <input type=\"text\" name=\"wpv_post_search\"  class=\"js-wpv-filter-trigger-delayed form-control\" placeholder=\"Recherche...\" \/>\n\t<select name=\"wpv-category\" class=\"js-wpv-filter-trigger form-control\"><option selected='selected' value=\"0\">Cat\u00e9gories<\/option><option value=\"actualites-du-conseil\">Actualit\u00e9s du Conseil<\/option><option value=\"communiques-de-presse\">Communiqu\u00e9s de presse<\/option><option value=\"activites-du-conseil\">Activit\u00e9s du Conseil<\/option><option value=\"activites-du-president-du-conseil\">Activit\u00e9s du Pr\u00e9sident du Conseil<\/option><option value=\"discours-et-allocutions\">Allocutions du pr\u00e9sident du Conseil<\/option><option value=\"actualites-de-line\">Actualit\u00e9s de l'INE<\/option><option value=\"actualites-du-centre-de-documentation\">Actualit\u00e9s du centre de documentation<\/option><option value=\"activites-de-partenariat-et-de-cooperation\">Activit\u00e9s de partenariat et de coop\u00e9ration<\/option><option value=\"activites-de-partenariat\">Activit\u00e9s de partenariat<\/option><option value=\"actualites-de-leducation\">Actualit\u00e9s de l'Education<\/option><option value=\"instance-nationale-devaluation\">Instance Nationale d'\u00e9valuation<\/option><option value=\"espace-presse\">Espace presse<\/option><option value=\"allocutions-de-m-habib-el-malki\">Allocutions de M. Habib El Malki<\/option><option value=\"a-la-une\">\u00c0 la une<\/option><option value=\"non-classifiee\">Non classifi\u00e9(e)<\/option><\/select>\n<div class=\"calendar\">\n        <link rel=\"stylesheet\" href=\"https:\/\/cdn.jsdelivr.net\/npm\/flatpickr\/dist\/flatpickr.min.css\">\n        <script src=\"https:\/\/cdn.jsdelivr.net\/npm\/flatpickr\"><\/script>\n        <script src=\"https:\/\/unpkg.com\/flatpickr@4.6.13\/dist\/l10n\/fr.js\"><\/script>\n        <label style=\"position: relative;width:100%;justify-content: start; justify-items: end;margin: 0px;\">\n\t\t<input type=\"text\" id=\"calendarPicker-fr\" autocomplete=\"off\" placeholder=\"Date\" style=\"width:100%;\">\n          <svg class=\"icon-calendar\" width=\"23\" height=\"26\" viewBox=\"0 0 23 26\" fill=\"none\" xmlns=\"http:\/\/www.w3.org\/2000\/svg\"><path d=\"M6.83333 1V5.66667M16.1667 1V5.66667M1 10.3333H22M6.83333 15H6.845M11.5 15H11.5117M16.1667 15H16.1783M6.83333 19.6667H6.845M11.5 19.6667H11.5117M16.1667 19.6667H16.1783M3.33333 3.33333H19.6667C20.9553 3.33333 22 4.378 22 5.66667V22C22 23.2887 20.9553 24.3333 19.6667 24.3333H3.33333C2.04467 24.3333 1 23.2887 1 22V5.66667C1 4.378 2.04467 3.33333 3.33333 3.33333Z\" stroke=\"#526077\" stroke-width=\"2\" stroke-linecap=\"round\" stroke-linejoin=\"round\"\/><\/svg>\n          <\/label>\n\t\t<script>var existingPostDates = [\"1970-01-01\",\"2008-04-17\",\"2009-04-14\",\"2010-04-20\",\"2015-01-28\",\"2015-12-25\",\"2016-03-24\",\"2016-04-27\",\"2016-05-25\",\"2016-09-06\",\"2016-11-17\",\"2016-11-21\",\"2016-11-24\",\"2016-11-29\",\"2017-02-23\",\"2017-02-27\",\"2017-03-01\",\"2017-03-16\",\"2017-04-17\",\"2017-05-17\",\"2017-06-16\",\"2017-07-13\",\"2017-07-24\",\"2017-07-27\",\"2017-10-05\",\"2017-10-06\",\"2017-10-07\",\"2017-10-24\",\"2017-11-02\",\"2017-11-07\",\"2017-11-08\",\"2017-11-23\",\"2017-11-29\",\"2017-12-04\",\"2017-12-06\",\"2017-12-08\",\"2017-12-25\",\"2017-12-28\",\"2017-12-29\",\"2018-01-17\",\"2018-01-18\",\"2018-02-01\",\"2018-02-05\",\"2018-02-08\",\"2018-02-12\",\"2018-02-13\",\"2018-02-22\",\"2018-02-26\",\"2018-03-12\",\"2018-03-20\",\"2018-04-10\",\"2018-04-12\",\"2018-04-13\",\"2018-05-04\",\"2018-05-07\",\"2018-06-22\",\"2018-07-13\",\"2018-07-16\",\"2018-07-20\",\"2018-09-12\",\"2018-09-19\",\"2018-10-05\",\"2018-10-10\",\"2018-10-26\",\"2018-11-07\",\"2018-11-16\",\"2019-01-03\",\"2019-01-07\",\"2019-01-09\",\"2019-01-14\",\"2019-02-27\",\"2019-04-01\",\"2019-04-25\",\"2019-05-10\",\"2019-05-15\",\"2019-05-22\",\"2019-05-29\",\"2019-06-11\",\"2019-06-26\",\"2019-07-08\",\"2019-07-10\",\"2019-09-27\",\"2020-01-29\",\"2020-03-10\",\"2020-07-23\",\"2020-12-18\",\"2021-09-30\",\"2021-10-28\",\"2021-11-19\",\"2021-11-27\",\"2021-12-29\",\"2022-02-08\",\"2022-04-04\",\"2022-04-28\",\"2022-05-10\",\"2022-06-09\",\"2022-11-09\",\"2022-11-15\",\"2022-11-16\",\"2022-11-17\",\"2022-12-08\",\"2022-12-13\",\"2023-01-04\",\"2023-01-09\",\"2023-01-10\",\"2023-02-01\",\"2023-02-10\",\"2023-03-02\",\"2023-03-03\",\"2023-03-09\",\"2023-03-24\",\"2023-03-27\",\"2023-04-05\",\"2023-05-10\",\"2023-05-11\",\"2023-05-15\",\"2023-05-17\",\"2023-05-31\",\"2023-06-19\",\"2023-07-03\",\"2023-07-07\",\"2023-07-13\",\"2023-09-06\",\"2023-09-22\",\"2023-10-02\",\"2023-10-03\",\"2023-10-10\",\"2023-10-25\",\"2023-10-30\",\"2023-12-11\",\"2023-12-15\",\"2023-12-18\",\"2023-12-20\",\"2024-01-10\",\"2024-01-19\",\"2024-02-15\",\"2024-02-27\",\"2024-03-05\",\"2024-03-08\",\"2024-03-22\",\"2024-04-15\",\"2024-05-07\",\"2024-05-21\",\"2024-05-22\",\"2024-05-23\",\"2024-05-26\",\"2024-05-29\",\"2024-06-03\",\"2024-06-13\",\"2024-06-28\",\"2024-07-04\",\"2024-07-10\",\"2024-07-12\",\"2024-09-12\",\"2024-10-14\",\"2024-10-17\",\"2024-11-08\",\"2024-11-19\",\"2024-11-25\",\"2024-11-28\",\"2024-11-29\",\"2024-12-08\",\"2024-12-10\",\"2024-12-24\",\"2025-01-30\",\"2025-02-05\",\"2025-02-27\",\"2025-03-18\",\"2025-03-30\",\"2025-04-16\",\"2025-04-30\",\"2025-05-20\",\"2025-07-18\",\"2025-07-23\",\"2025-07-25\",\"2025-10-02\",\"2025-10-13\",\"2025-10-31\",\"2025-11-10\",\"2025-11-13\",\"2025-12-23\",\"2025-12-24\",\"2026-02-03\",\"2026-02-04\",\"2026-02-09\",\"2026-03-23\",\"2026-04-13\",\"2026-04-14\",\"2026-04-29\",\"2026-05-12\",\"2026-05-20\",\"2026-06-08\",\"2026-06-11\",\"2026-07-20\",\"2026-07-21\"];<\/script>\n       <\/div>\n      <label class=\"searshBTn\" for=\"wpv_filter_submit\"><button type=\"submit\" class=\"btn-secondary wpv-submit-trigger js-wpv-submit-trigger btn\"><i class='mw-icon fas fa-magnifying-glass'><\/i><\/button><\/label><label class=\"resetFilter\"><i class=\"fa fa-refresh\" aria-hidden=\"true\"><\/i><input type=\"button\" class=\"wpv-reset-trigger js-wpv-reset-trigger btn\" name=\"wpv_filter_reset\" value=\" \" \/><\/label>\n  <\/div>\n<\/div>\n\n\n\n\n<\/form><\/div>\n  \n<div class=\"row rtlcst\">\n  \n    \n    <div class=\"col-md-4\">\n<div class=\"has-border post-container mb-4\">\n          <div class=\"featured-img\"> <a href=\"https:\/\/www.csefrs.ma\/fr\/allocution-de-madame-rahma-session13\/\"><img decoding=\"async\" width=\"1279\" height=\"853\" src=\"https:\/\/www.csefrs.ma\/wp-content\/uploads\/2026\/07\/WhatsApp-Image-2026-07-21-at-10.56.18.jpeg\" class=\"attachment-full size-full wp-post-image\" alt=\"\" srcset=\"https:\/\/www.csefrs.ma\/wp-content\/uploads\/2026\/07\/WhatsApp-Image-2026-07-21-at-10.56.18.jpeg 1279w, https:\/\/www.csefrs.ma\/wp-content\/uploads\/2026\/07\/WhatsApp-Image-2026-07-21-at-10.56.18-300x200.jpeg 300w, https:\/\/www.csefrs.ma\/wp-content\/uploads\/2026\/07\/WhatsApp-Image-2026-07-21-at-10.56.18-1024x683.jpeg 1024w, https:\/\/www.csefrs.ma\/wp-content\/uploads\/2026\/07\/WhatsApp-Image-2026-07-21-at-10.56.18-768x512.jpeg 768w, https:\/\/www.csefrs.ma\/wp-content\/uploads\/2026\/07\/WhatsApp-Image-2026-07-21-at-10.56.18-600x400.jpeg 600w\" sizes=\"(max-width: 1279px) 100vw, 1279px\" \/><\/a> <\/div>\n          <div class=\"section\">\n\n\n            <h3 class=\"two-lines\" style=\"color:white;  line-height:1.5em;color:#343A46;\"> <a href=\"https:\/\/www.csefrs.ma\/fr\/allocution-de-madame-rahma-session13\/\">Allocution de Madame Rahma Bourqia, Pr\u00e9sidente du Conseil, \u00e0 l\u2019ouverture de la 13\u00e8me session de l\u2019Assembl\u00e9e g\u00e9n\u00e9rale du Conseil<\/a> <\/h3>\n<hr class=\"separator pt-2\" >\n      <div class=\"sec-action\">\n            <span style=\"color: #343A46; font-size: 16px;line-height:24px;\">\n              <i class=\"icomoon-the7-font-the7-sort-02\" style=\"color: #343A46; font-size: 16px;\"><\/i> 21 juillet 2026  <\/span>\n              <span style=\"color: #343A46; font-size: 16px;line-height:24px;\">\n            <a href=\"https:\/\/www.csefrs.ma\/fr\/allocution-de-madame-rahma-session13\/\" style=\"color: #343A46; font-size: 16px;\">\n Lire la suite <i class=\"icomoon-the7-font-the7-plus-01\"><\/i> \n<\/a><\/span>\n           <\/div>   \n          <\/div>\n        <\/div>\n <\/div>\n    \n    \n<div class=\"col-md-4\">\n    <div class=\"has-border post-container mb-4\">\n          <div class=\"featured-img\"> <a href=\"https:\/\/www.csefrs.ma\/fr\/allocution-de-madame-rahma-bourqia-a-louverture-de-la-session-extraordinaire-de-lassemblee-generale-du-conseil\/\"><img decoding=\"async\" width=\"1280\" height=\"853\" src=\"https:\/\/www.csefrs.ma\/wp-content\/uploads\/2026\/05\/WhatsApp-Image-2026-05-12-at-10.23.51.jpeg\" class=\"attachment-full size-full wp-post-image\" alt=\"\" srcset=\"https:\/\/www.csefrs.ma\/wp-content\/uploads\/2026\/05\/WhatsApp-Image-2026-05-12-at-10.23.51.jpeg 1280w, https:\/\/www.csefrs.ma\/wp-content\/uploads\/2026\/05\/WhatsApp-Image-2026-05-12-at-10.23.51-300x200.jpeg 300w, https:\/\/www.csefrs.ma\/wp-content\/uploads\/2026\/05\/WhatsApp-Image-2026-05-12-at-10.23.51-1024x682.jpeg 1024w, https:\/\/www.csefrs.ma\/wp-content\/uploads\/2026\/05\/WhatsApp-Image-2026-05-12-at-10.23.51-768x512.jpeg 768w, https:\/\/www.csefrs.ma\/wp-content\/uploads\/2026\/05\/WhatsApp-Image-2026-05-12-at-10.23.51-600x400.jpeg 600w\" sizes=\"(max-width: 1280px) 100vw, 1280px\" \/><\/a> <\/div>\n          <div class=\"section\">\n\n\n            <h3 class=\"two-lines\" style=\"color:white;  line-height:1.5em;color:#343A46;\"> <a href=\"https:\/\/www.csefrs.ma\/fr\/allocution-de-madame-rahma-bourqia-a-louverture-de-la-session-extraordinaire-de-lassemblee-generale-du-conseil\/\">Allocution de Madame Rahma Bourqia \u00e0 l&rsquo;ouverture de la session extraordinaire de l&rsquo;Assembl\u00e9e g\u00e9n\u00e9rale du Conseil<\/a> <\/h3>\n<hr class=\"separator pt-2\" >\n            <div class=\"sec-action\">\n            <span style=\"color: #343A46; font-size: 16px;line-height:24px;\">\n              <i class=\"icomoon-the7-font-the7-sort-02\" style=\"color: #343A46; font-size: 16px;\"><\/i> 12 mai 2026  <\/span>\n            <span style=\"color: #343A46; font-size: 16px;line-height:24px;\">\n            <a href=\"https:\/\/www.csefrs.ma\/fr\/allocution-de-madame-rahma-bourqia-a-louverture-de-la-session-extraordinaire-de-lassemblee-generale-du-conseil\/\" style=\"color: #343A46; font-size: 16px;\"> Lire la suite <i class=\"icomoon-the7-font-the7-plus-01\"><\/i>\n<\/a><\/span>\n            <\/div>\n          <\/div>\n        <\/div>\n <\/div>\n    \n    \n<div class=\"col-md-4\">\n    <div class=\"has-border post-container mb-4\">\n          <div class=\"featured-img\"> <a href=\"https:\/\/www.csefrs.ma\/fr\/allocution-de-madame-bourqia-a-louverture-de-la-12e-session-de-lassemblee-generale\/\"><img decoding=\"async\" width=\"1280\" height=\"759\" src=\"https:\/\/www.csefrs.ma\/wp-content\/uploads\/2026\/05\/12esession.jpeg\" class=\"attachment-full size-full wp-post-image\" alt=\"\" srcset=\"https:\/\/www.csefrs.ma\/wp-content\/uploads\/2026\/05\/12esession.jpeg 1280w, https:\/\/www.csefrs.ma\/wp-content\/uploads\/2026\/05\/12esession-300x178.jpeg 300w, https:\/\/www.csefrs.ma\/wp-content\/uploads\/2026\/05\/12esession-1024x607.jpeg 1024w, https:\/\/www.csefrs.ma\/wp-content\/uploads\/2026\/05\/12esession-768x455.jpeg 768w, https:\/\/www.csefrs.ma\/wp-content\/uploads\/2026\/05\/12esession-600x356.jpeg 600w\" sizes=\"(max-width: 1280px) 100vw, 1280px\" \/> <\/a><\/div>\n          <div class=\"section\">\n\n\n            <h3 class=\"two-lines\" style=\"color:white; line-height:1.5em;color:#343A46;\"> <a href=\"https:\/\/www.csefrs.ma\/fr\/allocution-de-madame-bourqia-a-louverture-de-la-12e-session-de-lassemblee-generale\/\">Allocution de Madame Bourqia \u00e0 l&rsquo;ouverture de la 12e session de l&rsquo;assembl\u00e9e g\u00e9n\u00e9rale<\/a> <\/h3>\n<hr class=\"separator pt-2\" >\n                       <div class=\"sec-action\">\n            <span style=\"color: #343A46; font-size: 16px;line-height:24px;\">\n              <i class=\"icomoon-the7-font-the7-sort-02\" style=\"color: #343A46; font-size: 16px;\"><\/i> 14 avril 2026  <\/span>\n              <span style=\"color: #343A46; font-size: 16px;line-height:24px;\">\n            <a href=\"https:\/\/www.csefrs.ma\/fr\/allocution-de-madame-bourqia-a-louverture-de-la-12e-session-de-lassemblee-generale\/\" style=\"color: #343A46; font-size: 16px;\"> Lire la suite <i class=\"icomoon-the7-font-the7-plus-01\"><\/i>\n<\/a><\/span>\n           <\/div>\n          <\/div>\n        <\/div>\n <\/div>\n    \n    \n    <div class=\"col-md-4\">\n<div class=\"has-border post-container mb-4\">\n          <div class=\"featured-img\"> <a href=\"https:\/\/www.csefrs.ma\/fr\/allocution-de-madame-rahma-bourqia-presidente-du-conseil-a-louverture-de-la-onzieme-session-de-lassemblee-generale-du-conseil\/\"><img decoding=\"async\" width=\"1200\" height=\"800\" src=\"https:\/\/www.csefrs.ma\/wp-content\/uploads\/2026\/04\/ISM_5352.jpg.jpeg\" class=\"attachment-full size-full wp-post-image\" alt=\"\" srcset=\"https:\/\/www.csefrs.ma\/wp-content\/uploads\/2026\/04\/ISM_5352.jpg.jpeg 1200w, https:\/\/www.csefrs.ma\/wp-content\/uploads\/2026\/04\/ISM_5352.jpg-300x200.jpeg 300w, https:\/\/www.csefrs.ma\/wp-content\/uploads\/2026\/04\/ISM_5352.jpg-1024x683.jpeg 1024w, https:\/\/www.csefrs.ma\/wp-content\/uploads\/2026\/04\/ISM_5352.jpg-768x512.jpeg 768w, https:\/\/www.csefrs.ma\/wp-content\/uploads\/2026\/04\/ISM_5352.jpg-600x400.jpeg 600w\" sizes=\"(max-width: 1200px) 100vw, 1200px\" \/><\/a> <\/div>\n          <div class=\"section\">\n\n\n            <h3 class=\"two-lines\" style=\"color:white;  line-height:1.5em;color:#343A46;\"> <a href=\"https:\/\/www.csefrs.ma\/fr\/allocution-de-madame-rahma-bourqia-presidente-du-conseil-a-louverture-de-la-onzieme-session-de-lassemblee-generale-du-conseil\/\">Allocution de Madame Rahma Bourqia, Pr\u00e9sidente du Conseil, \u00e0 l\u2019ouverture de la Onzi\u00e8me session de l\u2019Assembl\u00e9e g\u00e9n\u00e9rale du Conseil<\/a> <\/h3>\n<hr class=\"separator pt-2\" >\n      <div class=\"sec-action\">\n            <span style=\"color: #343A46; font-size: 16px;line-height:24px;\">\n              <i class=\"icomoon-the7-font-the7-sort-02\" style=\"color: #343A46; font-size: 16px;\"><\/i> 4 f\u00e9vrier 2026  <\/span>\n              <span style=\"color: #343A46; font-size: 16px;line-height:24px;\">\n            <a href=\"https:\/\/www.csefrs.ma\/fr\/allocution-de-madame-rahma-bourqia-presidente-du-conseil-a-louverture-de-la-onzieme-session-de-lassemblee-generale-du-conseil\/\" style=\"color: #343A46; font-size: 16px;\">\n Lire la suite <i class=\"icomoon-the7-font-the7-plus-01\"><\/i> \n<\/a><\/span>\n           <\/div>   \n          <\/div>\n        <\/div>\n <\/div>\n    \n    \n<div class=\"col-md-4\">\n    <div class=\"has-border post-container mb-4\">\n          <div class=\"featured-img\"> <a href=\"https:\/\/www.csefrs.ma\/fr\/allocution-de-madame-rahma-bourqia-presidente-du-conseil-a-louverture-de-la-dixieme-session-de-lassemblee-generale-du-conseil\/\"><img decoding=\"async\" width=\"1000\" height=\"667\" src=\"https:\/\/www.csefrs.ma\/wp-content\/uploads\/2026\/04\/ISM_8712.jpg\" class=\"attachment-full size-full wp-post-image\" alt=\"\" srcset=\"https:\/\/www.csefrs.ma\/wp-content\/uploads\/2026\/04\/ISM_8712.jpg 1000w, https:\/\/www.csefrs.ma\/wp-content\/uploads\/2026\/04\/ISM_8712-300x200.jpg 300w, https:\/\/www.csefrs.ma\/wp-content\/uploads\/2026\/04\/ISM_8712-768x512.jpg 768w, https:\/\/www.csefrs.ma\/wp-content\/uploads\/2026\/04\/ISM_8712-600x400.jpg 600w\" sizes=\"(max-width: 1000px) 100vw, 1000px\" \/><\/a> <\/div>\n          <div class=\"section\">\n\n\n            <h3 class=\"two-lines\" style=\"color:white;  line-height:1.5em;color:#343A46;\"> <a href=\"https:\/\/www.csefrs.ma\/fr\/allocution-de-madame-rahma-bourqia-presidente-du-conseil-a-louverture-de-la-dixieme-session-de-lassemblee-generale-du-conseil\/\">Allocution de Madame Rahma Bourqia, Pr\u00e9sidente du Conseil, \u00e0 l\u2019ouverture de la dixi\u00e8me session de l\u2019Assembl\u00e9e g\u00e9n\u00e9rale du Conseil<\/a> <\/h3>\n<hr class=\"separator pt-2\" >\n            <div class=\"sec-action\">\n            <span style=\"color: #343A46; font-size: 16px;line-height:24px;\">\n              <i class=\"icomoon-the7-font-the7-sort-02\" style=\"color: #343A46; font-size: 16px;\"><\/i> 24 d\u00e9cembre 2025  <\/span>\n            <span style=\"color: #343A46; font-size: 16px;line-height:24px;\">\n            <a href=\"https:\/\/www.csefrs.ma\/fr\/allocution-de-madame-rahma-bourqia-presidente-du-conseil-a-louverture-de-la-dixieme-session-de-lassemblee-generale-du-conseil\/\" style=\"color: #343A46; font-size: 16px;\"> Lire la suite <i class=\"icomoon-the7-font-the7-plus-01\"><\/i>\n<\/a><\/span>\n            <\/div>\n          <\/div>\n        <\/div>\n <\/div>\n    \n    \n<div class=\"col-md-4\">\n    <div class=\"has-border post-container mb-4\">\n          <div class=\"featured-img\"> <a href=\"https:\/\/www.csefrs.ma\/fr\/allocution-douverture-de-la-conference-africaine-sur-le-theme-les-systemes-deducation-de-formation-et-de-recherche-scientifique-en-afrique-dynamiques-de-transformation\/\"><img decoding=\"async\" width=\"2560\" height=\"1555\" src=\"https:\/\/www.csefrs.ma\/wp-content\/uploads\/2026\/04\/ISM_4842.jpg-scaled-1.jpeg\" class=\"attachment-full size-full wp-post-image\" alt=\"\" srcset=\"https:\/\/www.csefrs.ma\/wp-content\/uploads\/2026\/04\/ISM_4842.jpg-scaled-1.jpeg 2560w, https:\/\/www.csefrs.ma\/wp-content\/uploads\/2026\/04\/ISM_4842.jpg-scaled-1-300x182.jpeg 300w, https:\/\/www.csefrs.ma\/wp-content\/uploads\/2026\/04\/ISM_4842.jpg-scaled-1-1024x622.jpeg 1024w, https:\/\/www.csefrs.ma\/wp-content\/uploads\/2026\/04\/ISM_4842.jpg-scaled-1-768x467.jpeg 768w, https:\/\/www.csefrs.ma\/wp-content\/uploads\/2026\/04\/ISM_4842.jpg-scaled-1-1536x933.jpeg 1536w, https:\/\/www.csefrs.ma\/wp-content\/uploads\/2026\/04\/ISM_4842.jpg-scaled-1-2048x1244.jpeg 2048w, https:\/\/www.csefrs.ma\/wp-content\/uploads\/2026\/04\/ISM_4842.jpg-scaled-1-600x364.jpeg 600w\" sizes=\"(max-width: 2560px) 100vw, 2560px\" \/> <\/a><\/div>\n          <div class=\"section\">\n\n\n            <h3 class=\"two-lines\" style=\"color:white; line-height:1.5em;color:#343A46;\"> <a href=\"https:\/\/www.csefrs.ma\/fr\/allocution-douverture-de-la-conference-africaine-sur-le-theme-les-systemes-deducation-de-formation-et-de-recherche-scientifique-en-afrique-dynamiques-de-transformation\/\">Allocution d&rsquo;ouverture de la Conf\u00e9rence Africaine sur le th\u00e8me : \u00ab Les syst\u00e8mes d\u2019\u00e9ducation, de formation et de recherche scientifique en Afrique : dynamiques de transformation \u00ab\u00a0<\/a> <\/h3>\n<hr class=\"separator pt-2\" >\n                       <div class=\"sec-action\">\n            <span style=\"color: #343A46; font-size: 16px;line-height:24px;\">\n              <i class=\"icomoon-the7-font-the7-sort-02\" style=\"color: #343A46; font-size: 16px;\"><\/i> 13 novembre 2025  <\/span>\n              <span style=\"color: #343A46; font-size: 16px;line-height:24px;\">\n            <a href=\"https:\/\/www.csefrs.ma\/fr\/allocution-douverture-de-la-conference-africaine-sur-le-theme-les-systemes-deducation-de-formation-et-de-recherche-scientifique-en-afrique-dynamiques-de-transformation\/\" style=\"color: #343A46; font-size: 16px;\"> Lire la suite <i class=\"icomoon-the7-font-the7-plus-01\"><\/i>\n<\/a><\/span>\n           <\/div>\n          <\/div>\n        <\/div>\n <\/div>\n    \n    \n    <div class=\"col-md-4\">\n<div class=\"has-border post-container mb-4\">\n          <div class=\"featured-img\"> <a href=\"https:\/\/www.csefrs.ma\/fr\/allocution-de-mme-rahma-bourqia-presidente-du-conseil-superieur-de-leducation-de-la-formation-et-de-la-recherche-scientifique-a-louverture-de-la-9e-session-de-lassemblee\/\"><img decoding=\"async\" width=\"1280\" height=\"853\" src=\"https:\/\/www.csefrs.ma\/wp-content\/uploads\/2026\/04\/WhatsApp-Image-2025-07-23-at-10.57.25.jpeg\" class=\"attachment-full size-full wp-post-image\" alt=\"\" srcset=\"https:\/\/www.csefrs.ma\/wp-content\/uploads\/2026\/04\/WhatsApp-Image-2025-07-23-at-10.57.25.jpeg 1280w, https:\/\/www.csefrs.ma\/wp-content\/uploads\/2026\/04\/WhatsApp-Image-2025-07-23-at-10.57.25-300x200.jpeg 300w, https:\/\/www.csefrs.ma\/wp-content\/uploads\/2026\/04\/WhatsApp-Image-2025-07-23-at-10.57.25-1024x682.jpeg 1024w, https:\/\/www.csefrs.ma\/wp-content\/uploads\/2026\/04\/WhatsApp-Image-2025-07-23-at-10.57.25-768x512.jpeg 768w, https:\/\/www.csefrs.ma\/wp-content\/uploads\/2026\/04\/WhatsApp-Image-2025-07-23-at-10.57.25-600x400.jpeg 600w\" sizes=\"(max-width: 1280px) 100vw, 1280px\" \/><\/a> <\/div>\n          <div class=\"section\">\n\n\n            <h3 class=\"two-lines\" style=\"color:white;  line-height:1.5em;color:#343A46;\"> <a href=\"https:\/\/www.csefrs.ma\/fr\/allocution-de-mme-rahma-bourqia-presidente-du-conseil-superieur-de-leducation-de-la-formation-et-de-la-recherche-scientifique-a-louverture-de-la-9e-session-de-lassemblee\/\">Allocution de Mme Rahma BOURQIA Pr\u00e9sidente du Conseil Sup\u00e9rieur de l\u2019\u00c9ducation,  de la Formation et de la Recherche Scientifique  \u00c0 l\u2019ouverture de la 9e session de l\u2019Assembl\u00e9e g\u00e9n\u00e9rale<\/a> <\/h3>\n<hr class=\"separator pt-2\" >\n      <div class=\"sec-action\">\n            <span style=\"color: #343A46; font-size: 16px;line-height:24px;\">\n              <i class=\"icomoon-the7-font-the7-sort-02\" style=\"color: #343A46; font-size: 16px;\"><\/i> 23 juillet 2025  <\/span>\n              <span style=\"color: #343A46; font-size: 16px;line-height:24px;\">\n            <a href=\"https:\/\/www.csefrs.ma\/fr\/allocution-de-mme-rahma-bourqia-presidente-du-conseil-superieur-de-leducation-de-la-formation-et-de-la-recherche-scientifique-a-louverture-de-la-9e-session-de-lassemblee\/\" style=\"color: #343A46; font-size: 16px;\">\n Lire la suite <i class=\"icomoon-the7-font-the7-plus-01\"><\/i> \n<\/a><\/span>\n           <\/div>   \n          <\/div>\n        <\/div>\n <\/div>\n    \n    \n<div class=\"col-md-4\">\n    <div class=\"has-border post-container mb-4\">\n          <div class=\"featured-img\"> <a href=\"https:\/\/www.csefrs.ma\/fr\/allocution-de-mme-rahma-bourqia-presidente-du-conseil-a-louverture-de-la-8e-session-de-lassemblee-generale\/\"><img decoding=\"async\" width=\"2560\" height=\"1706\" src=\"https:\/\/www.csefrs.ma\/wp-content\/uploads\/2026\/04\/WhatsApp-Image-2025-05-20-at-10.11.22-1-scaled-1.jpeg\" class=\"attachment-full size-full wp-post-image\" alt=\"\" srcset=\"https:\/\/www.csefrs.ma\/wp-content\/uploads\/2026\/04\/WhatsApp-Image-2025-05-20-at-10.11.22-1-scaled-1.jpeg 2560w, https:\/\/www.csefrs.ma\/wp-content\/uploads\/2026\/04\/WhatsApp-Image-2025-05-20-at-10.11.22-1-scaled-1-300x200.jpeg 300w, https:\/\/www.csefrs.ma\/wp-content\/uploads\/2026\/04\/WhatsApp-Image-2025-05-20-at-10.11.22-1-scaled-1-1024x682.jpeg 1024w, https:\/\/www.csefrs.ma\/wp-content\/uploads\/2026\/04\/WhatsApp-Image-2025-05-20-at-10.11.22-1-scaled-1-768x512.jpeg 768w, https:\/\/www.csefrs.ma\/wp-content\/uploads\/2026\/04\/WhatsApp-Image-2025-05-20-at-10.11.22-1-scaled-1-1536x1024.jpeg 1536w, https:\/\/www.csefrs.ma\/wp-content\/uploads\/2026\/04\/WhatsApp-Image-2025-05-20-at-10.11.22-1-scaled-1-2048x1365.jpeg 2048w, https:\/\/www.csefrs.ma\/wp-content\/uploads\/2026\/04\/WhatsApp-Image-2025-05-20-at-10.11.22-1-scaled-1-600x400.jpeg 600w\" sizes=\"(max-width: 2560px) 100vw, 2560px\" \/><\/a> <\/div>\n          <div class=\"section\">\n\n\n            <h3 class=\"two-lines\" style=\"color:white;  line-height:1.5em;color:#343A46;\"> <a href=\"https:\/\/www.csefrs.ma\/fr\/allocution-de-mme-rahma-bourqia-presidente-du-conseil-a-louverture-de-la-8e-session-de-lassemblee-generale\/\">Allocution de Mme Rahma BOURQIA Pr\u00e9sidente du Conseil \u00e0 l\u2019ouverture de la 8e session de l\u2019Assembl\u00e9e g\u00e9n\u00e9rale<\/a> <\/h3>\n<hr class=\"separator pt-2\" >\n            <div class=\"sec-action\">\n            <span style=\"color: #343A46; font-size: 16px;line-height:24px;\">\n              <i class=\"icomoon-the7-font-the7-sort-02\" style=\"color: #343A46; font-size: 16px;\"><\/i> 20 mai 2025  <\/span>\n            <span style=\"color: #343A46; font-size: 16px;line-height:24px;\">\n            <a href=\"https:\/\/www.csefrs.ma\/fr\/allocution-de-mme-rahma-bourqia-presidente-du-conseil-a-louverture-de-la-8e-session-de-lassemblee-generale\/\" style=\"color: #343A46; font-size: 16px;\"> Lire la suite <i class=\"icomoon-the7-font-the7-plus-01\"><\/i>\n<\/a><\/span>\n            <\/div>\n          <\/div>\n        <\/div>\n <\/div>\n    \n    \n<div class=\"col-md-4\">\n    <div class=\"has-border post-container mb-4\">\n          <div class=\"featured-img\"> <a href=\"https:\/\/www.csefrs.ma\/fr\/allocution-douverture-de-madame-rahma-bourqia-presidente-du-conseil-de-lassemblee-generale\/\"><img decoding=\"async\" width=\"2560\" height=\"1707\" src=\"https:\/\/www.csefrs.ma\/wp-content\/uploads\/2026\/04\/0G0A1183.jpg-scaled-1.jpeg\" class=\"attachment-full size-full wp-post-image\" alt=\"\" srcset=\"https:\/\/www.csefrs.ma\/wp-content\/uploads\/2026\/04\/0G0A1183.jpg-scaled-1.jpeg 2560w, https:\/\/www.csefrs.ma\/wp-content\/uploads\/2026\/04\/0G0A1183.jpg-scaled-1-300x200.jpeg 300w, https:\/\/www.csefrs.ma\/wp-content\/uploads\/2026\/04\/0G0A1183.jpg-scaled-1-1024x683.jpeg 1024w, https:\/\/www.csefrs.ma\/wp-content\/uploads\/2026\/04\/0G0A1183.jpg-scaled-1-768x512.jpeg 768w, https:\/\/www.csefrs.ma\/wp-content\/uploads\/2026\/04\/0G0A1183.jpg-scaled-1-1536x1024.jpeg 1536w, https:\/\/www.csefrs.ma\/wp-content\/uploads\/2026\/04\/0G0A1183.jpg-scaled-1-2048x1366.jpeg 2048w, https:\/\/www.csefrs.ma\/wp-content\/uploads\/2026\/04\/0G0A1183.jpg-scaled-1-600x400.jpeg 600w\" sizes=\"(max-width: 2560px) 100vw, 2560px\" \/> <\/a><\/div>\n          <div class=\"section\">\n\n\n            <h3 class=\"two-lines\" style=\"color:white; line-height:1.5em;color:#343A46;\"> <a href=\"https:\/\/www.csefrs.ma\/fr\/allocution-douverture-de-madame-rahma-bourqia-presidente-du-conseil-de-lassemblee-generale\/\">Allocution d\u2019ouverture de Madame Rahma BOURQIA Pr\u00e9sidente du Conseil de l\u2019Assembl\u00e9e g\u00e9n\u00e9rale<\/a> <\/h3>\n<hr class=\"separator pt-2\" >\n                       <div class=\"sec-action\">\n            <span style=\"color: #343A46; font-size: 16px;line-height:24px;\">\n              <i class=\"icomoon-the7-font-the7-sort-02\" style=\"color: #343A46; font-size: 16px;\"><\/i> 30 avril 2025  <\/span>\n              <span style=\"color: #343A46; font-size: 16px;line-height:24px;\">\n            <a href=\"https:\/\/www.csefrs.ma\/fr\/allocution-douverture-de-madame-rahma-bourqia-presidente-du-conseil-de-lassemblee-generale\/\" style=\"color: #343A46; font-size: 16px;\"> Lire la suite <i class=\"icomoon-the7-font-the7-plus-01\"><\/i>\n<\/a><\/span>\n           <\/div>\n          <\/div>\n        <\/div>\n <\/div>\n    \n\n\n\n      <\/div> \n  \n  \n  \n\n\n<ul class=\"wpv-pagination-nav-links-container js-wpv-pagination-nav-links-container pagination\"><li class=\"wpv-pagination-nav-links-item js-wpv-pagination-nav-links-item page-item wpv-page-link-38542-CATTR0636dc1a99136bbbceb8947948027a4c-1 js-wpv-page-link-38542-CATTR0636dc1a99136bbbceb8947948027a4c-1 wpv_page_current wpv-pagination-nav-links-item-current active\"><span class=\"wpv-filter-pagination-link page-link\">1<\/span><\/li><li class=\"wpv-pagination-nav-links-item js-wpv-pagination-nav-links-item page-item wpv-page-link-38542-CATTR0636dc1a99136bbbceb8947948027a4c-2 js-wpv-page-link-38542-CATTR0636dc1a99136bbbceb8947948027a4c-2\"><a class=\"wpv-filter-pagination-link js-wpv-pagination-link page-link\" title=\"2\" href=\"\/fr\/wp-json\/wp\/v2\/pages\/39628?wpv_view_count=38542-CATTR0636dc1a99136bbbceb8947948027a4c&#038;wpv_paged=2\" data-viewnumber=\"38542-CATTR0636dc1a99136bbbceb8947948027a4c\" data-page=\"2\">2<\/a><\/li><li class=\"wpv-pagination-nav-links-item js-wpv-pagination-nav-links-item page-item wpv-page-link-38542-CATTR0636dc1a99136bbbceb8947948027a4c-3 js-wpv-page-link-38542-CATTR0636dc1a99136bbbceb8947948027a4c-3\"><a class=\"wpv-filter-pagination-link js-wpv-pagination-link page-link\" title=\"3\" href=\"\/fr\/wp-json\/wp\/v2\/pages\/39628?wpv_view_count=38542-CATTR0636dc1a99136bbbceb8947948027a4c&#038;wpv_paged=3\" data-viewnumber=\"38542-CATTR0636dc1a99136bbbceb8947948027a4c\" data-page=\"3\">3<\/a><\/li><li class=\"wpv-pagination-nav-links-item js-wpv-pagination-nav-links-item page-item wpv-page-link-38542-CATTR0636dc1a99136bbbceb8947948027a4c-4 js-wpv-page-link-38542-CATTR0636dc1a99136bbbceb8947948027a4c-4\"><a class=\"wpv-filter-pagination-link js-wpv-pagination-link page-link\" title=\"4\" href=\"\/fr\/wp-json\/wp\/v2\/pages\/39628?wpv_view_count=38542-CATTR0636dc1a99136bbbceb8947948027a4c&#038;wpv_paged=4\" data-viewnumber=\"38542-CATTR0636dc1a99136bbbceb8947948027a4c\" data-page=\"4\">4<\/a><\/li><li  class=\"page-item\"><a class=\"wpv-filter-next-link js-wpv-pagination-next-link page-link \"  href=\"\/fr\/wp-json\/wp\/v2\/pages\/39628?wpv_view_count=38542-CATTR0636dc1a99136bbbceb8947948027a4c&#038;wpv_paged=2\"\n\t\t\t\t\tdata-viewnumber=\"38542-CATTR0636dc1a99136bbbceb8947948027a4c\" data-page=\"2\">Suivant<\/a><\/li><\/ul>\n\n\n<\/div>\n\n[\/vc_column_text][\/vc_column][\/vc_row]<\/p>\n<\/div>","protected":false},"excerpt":{"rendered":"<p>[vc_row content_placement=\u00a0\u00bbmiddle\u00a0\u00bb css=\u00a0\u00bb.vc_custom_1772118646183{margin-top: 0px !important;margin-bottom: 0px !important;}\u00a0\u00bb el_class=\u00a0\u00bbbg-sec\u00a0\u00bb][vc_column][vc_column_text css=\u00a0\u00bb\u00a0\u00bb] Discours et allocutions de la pr\u00e9sidente du Conseil [\/vc_column_text][\/vc_column][\/vc_row][vc_row css=\u00a0\u00bb.vc_custom_1772119165761{margin-top: 30px !important;}\u00a0\u00bb][vc_column][vc_column_text css=\u00a0\u00bb\u00a0\u00bb] Cat\u00e9goriesActualit\u00e9s du ConseilCommuniqu\u00e9s de presseActivit\u00e9s du ConseilActivit\u00e9s du&hellip;<\/p>\n","protected":false},"author":697,"featured_media":0,"parent":0,"menu_order":0,"comment_status":"closed","ping_status":"closed","template":"","meta":{"footnotes":""},"class_list":["post-39628","page","type-page","status-publish","hentry","description-off"],"yoast_head":"<!-- This site is optimized with the Yoast SEO plugin v28.3 - https:\/\/yoast.com\/product\/yoast-seo-wordpress\/ -->\n<title>Discours de Rahma Bourqia | Pr\u00e9sidente CSEFRS<\/title>\n<meta name=\"description\" content=\"Retrouvez les discours et allocutions de Madame Rahma Bourqia, pr\u00e9sidente du CSEFRS, prononc\u00e9s lors des sessions de l&#039;Assembl\u00e9e g\u00e9n\u00e9rale et des diff\u00e9rents \u00e9v\u00e9nements.\" \/>\n<meta name=\"robots\" content=\"index, follow, max-snippet:-1, max-image-preview:large, max-video-preview:-1\" \/>\n<link rel=\"canonical\" href=\"https:\/\/www.csefrs.ma\/fr\/discours-et-allocutions-de-la-presidente-du-conseil\/\" \/>\n<meta property=\"og:locale\" content=\"fr_FR\" \/>\n<meta property=\"og:type\" content=\"article\" \/>\n<meta property=\"og:title\" content=\"Discours et allocutions de la Pr\u00e9sidente du CSEFRS\" \/>\n<meta property=\"og:description\" content=\"Interventions officielles de Madame Rahma Bourqia lors des sessions du Conseil et des forums sur l&#039;\u00e9ducation.\" \/>\n<meta property=\"og:url\" content=\"https:\/\/www.csefrs.ma\/fr\/discours-et-allocutions-de-la-presidente-du-conseil\/\" \/>\n<meta property=\"og:site_name\" content=\"Conseil sup\u00e9rieur de l\u2019\u00e9ducation, de la formation et de la recherche scientifique\" \/>\n<meta property=\"article:modified_time\" content=\"2026-08-13T09:38:38+00:00\" \/>\n<meta property=\"og:image\" content=\"https:\/\/www.csefrs.ma\/wp-content\/uploads\/2026\/07\/WhatsApp-Image-2026-07-21-at-10.56.18.jpeg\" \/>\n\t<meta property=\"og:image:width\" content=\"1279\" \/>\n\t<meta property=\"og:image:height\" content=\"853\" \/>\n\t<meta property=\"og:image:type\" content=\"image\/jpeg\" \/>\n<meta name=\"twitter:card\" content=\"summary_large_image\" \/>\n<meta name=\"twitter:title\" content=\"Discours et allocutions de la Pr\u00e9sidente du CSEFRS\" \/>\n<meta name=\"twitter:description\" content=\"Interventions officielles de Madame Rahma Bourqia lors des sessions du Conseil et des forums sur l&#039;\u00e9ducation.\" \/>\n<meta name=\"twitter:image\" content=\"https:\/\/www.csefrs.ma\/wp-content\/uploads\/2026\/07\/WhatsApp-Image-2026-07-21-at-10.56.18.jpeg\" \/>\n<meta name=\"twitter:label1\" content=\"Dur\u00e9e de lecture estim\u00e9e\" \/>\n\t<meta name=\"twitter:data1\" content=\"1 minute\" \/>\n<script type=\"application\/ld+json\" class=\"yoast-schema-graph\">{\"@context\":\"https:\\\/\\\/schema.org\",\"@graph\":[{\"@type\":\"WebPage\",\"@id\":\"https:\\\/\\\/www.csefrs.ma\\\/fr\\\/discours-et-allocutions-de-la-presidente-du-conseil\\\/\",\"url\":\"https:\\\/\\\/www.csefrs.ma\\\/fr\\\/discours-et-allocutions-de-la-presidente-du-conseil\\\/\",\"name\":\"Discours de Rahma Bourqia | Pr\u00e9sidente CSEFRS\",\"isPartOf\":{\"@id\":\"https:\\\/\\\/www.csefrs.ma\\\/fr\\\/#website\"},\"datePublished\":\"2026-01-27T16:01:31+00:00\",\"dateModified\":\"2026-08-13T09:38:38+00:00\",\"description\":\"Retrouvez les discours et allocutions de Madame Rahma Bourqia, pr\u00e9sidente du CSEFRS, prononc\u00e9s lors des sessions de l'Assembl\u00e9e g\u00e9n\u00e9rale et des diff\u00e9rents \u00e9v\u00e9nements.\",\"breadcrumb\":{\"@id\":\"https:\\\/\\\/www.csefrs.ma\\\/fr\\\/discours-et-allocutions-de-la-presidente-du-conseil\\\/#breadcrumb\"},\"inLanguage\":\"fr-FR\",\"potentialAction\":[{\"@type\":\"ReadAction\",\"target\":[\"https:\\\/\\\/www.csefrs.ma\\\/fr\\\/discours-et-allocutions-de-la-presidente-du-conseil\\\/\"]}]},{\"@type\":\"BreadcrumbList\",\"@id\":\"https:\\\/\\\/www.csefrs.ma\\\/fr\\\/discours-et-allocutions-de-la-presidente-du-conseil\\\/#breadcrumb\",\"itemListElement\":[{\"@type\":\"ListItem\",\"position\":1,\"name\":\"Accueil\",\"item\":\"https:\\\/\\\/www.csefrs.ma\\\/fr\\\/\"},{\"@type\":\"ListItem\",\"position\":2,\"name\":\"Discours et allocutions de la pr\u00e9sidente du Conseil\"}]},{\"@type\":\"WebSite\",\"@id\":\"https:\\\/\\\/www.csefrs.ma\\\/fr\\\/#website\",\"url\":\"https:\\\/\\\/www.csefrs.ma\\\/fr\\\/\",\"name\":\"\u0627\u0644\u0645\u062c\u0644\u0633 \u0627\u0644\u0623\u0639\u0644\u0649 \u0644\u0644\u062a\u0631\u0628\u064a\u0629 \u0648\u0627\u0644\u062a\u0643\u0648\u064a\u0646 \u0648\u0627\u0644\u0628\u062d\u062b \u0627\u0644\u0639\u0644\u0645\u064a\",\"description\":\"\",\"publisher\":{\"@id\":\"https:\\\/\\\/www.csefrs.ma\\\/fr\\\/#organization\"},\"potentialAction\":[{\"@type\":\"SearchAction\",\"target\":{\"@type\":\"EntryPoint\",\"urlTemplate\":\"https:\\\/\\\/www.csefrs.ma\\\/fr\\\/?s={search_term_string}\"},\"query-input\":{\"@type\":\"PropertyValueSpecification\",\"valueRequired\":true,\"valueName\":\"search_term_string\"}}],\"inLanguage\":\"fr-FR\"},{\"@type\":\"Organization\",\"@id\":\"https:\\\/\\\/www.csefrs.ma\\\/fr\\\/#organization\",\"name\":\"Conseil sup\u00e9rieur de l\u2019\u00e9ducation, de la formation et de la recherche scientifique\",\"url\":\"https:\\\/\\\/www.csefrs.ma\\\/fr\\\/\",\"logo\":{\"@type\":\"ImageObject\",\"inLanguage\":\"fr-FR\",\"@id\":\"https:\\\/\\\/www.csefrs.ma\\\/fr\\\/#\\\/schema\\\/logo\\\/image\\\/\",\"url\":\"https:\\\/\\\/www.csefrs.ma\\\/wp-content\\\/uploads\\\/2025\\\/10\\\/logo-capture.png\",\"contentUrl\":\"https:\\\/\\\/www.csefrs.ma\\\/wp-content\\\/uploads\\\/2025\\\/10\\\/logo-capture.png\",\"width\":1468,\"height\":226,\"caption\":\"Conseil sup\u00e9rieur de l\u2019\u00e9ducation, de la formation et de la recherche scientifique\"},\"image\":{\"@id\":\"https:\\\/\\\/www.csefrs.ma\\\/fr\\\/#\\\/schema\\\/logo\\\/image\\\/\"},\"sameAs\":[\"https:\\\/\\\/www.youtube.com\\\/csefrsofficiel\",\"https:\\\/\\\/www.linkedin.com\\\/company\\\/csefrs\\\/\"]}]}<\/script>\n<!-- \/ Yoast SEO plugin. -->","yoast_head_json":{"title":"Discours de Rahma Bourqia | Pr\u00e9sidente CSEFRS","description":"Retrouvez les discours et allocutions de Madame Rahma Bourqia, pr\u00e9sidente du CSEFRS, prononc\u00e9s lors des sessions de l'Assembl\u00e9e g\u00e9n\u00e9rale et des diff\u00e9rents \u00e9v\u00e9nements.","robots":{"index":"index","follow":"follow","max-snippet":"max-snippet:-1","max-image-preview":"max-image-preview:large","max-video-preview":"max-video-preview:-1"},"canonical":"https:\/\/www.csefrs.ma\/fr\/discours-et-allocutions-de-la-presidente-du-conseil\/","og_locale":"fr_FR","og_type":"article","og_title":"Discours et allocutions de la Pr\u00e9sidente du CSEFRS","og_description":"Interventions officielles de Madame Rahma Bourqia lors des sessions du Conseil et des forums sur l'\u00e9ducation.","og_url":"https:\/\/www.csefrs.ma\/fr\/discours-et-allocutions-de-la-presidente-du-conseil\/","og_site_name":"Conseil sup\u00e9rieur de l\u2019\u00e9ducation, de la formation et de la recherche scientifique","article_modified_time":"2026-08-13T09:38:38+00:00","og_image":[{"width":1279,"height":853,"url":"https:\/\/www.csefrs.ma\/wp-content\/uploads\/2026\/07\/WhatsApp-Image-2026-07-21-at-10.56.18.jpeg","type":"image\/jpeg"}],"twitter_card":"summary_large_image","twitter_title":"Discours et allocutions de la Pr\u00e9sidente du CSEFRS","twitter_description":"Interventions officielles de Madame Rahma Bourqia lors des sessions du Conseil et des forums sur l'\u00e9ducation.","twitter_image":"https:\/\/www.csefrs.ma\/wp-content\/uploads\/2026\/07\/WhatsApp-Image-2026-07-21-at-10.56.18.jpeg","twitter_misc":{"Dur\u00e9e de lecture estim\u00e9e":"1 minute"},"schema":{"@context":"https:\/\/schema.org","@graph":[{"@type":"WebPage","@id":"https:\/\/www.csefrs.ma\/fr\/discours-et-allocutions-de-la-presidente-du-conseil\/","url":"https:\/\/www.csefrs.ma\/fr\/discours-et-allocutions-de-la-presidente-du-conseil\/","name":"Discours de Rahma Bourqia | Pr\u00e9sidente CSEFRS","isPartOf":{"@id":"https:\/\/www.csefrs.ma\/fr\/#website"},"datePublished":"2026-01-27T16:01:31+00:00","dateModified":"2026-08-13T09:38:38+00:00","description":"Retrouvez les discours et allocutions de Madame Rahma Bourqia, pr\u00e9sidente du CSEFRS, prononc\u00e9s lors des sessions de l'Assembl\u00e9e g\u00e9n\u00e9rale et des diff\u00e9rents \u00e9v\u00e9nements.","breadcrumb":{"@id":"https:\/\/www.csefrs.ma\/fr\/discours-et-allocutions-de-la-presidente-du-conseil\/#breadcrumb"},"inLanguage":"fr-FR","potentialAction":[{"@type":"ReadAction","target":["https:\/\/www.csefrs.ma\/fr\/discours-et-allocutions-de-la-presidente-du-conseil\/"]}]},{"@type":"BreadcrumbList","@id":"https:\/\/www.csefrs.ma\/fr\/discours-et-allocutions-de-la-presidente-du-conseil\/#breadcrumb","itemListElement":[{"@type":"ListItem","position":1,"name":"Accueil","item":"https:\/\/www.csefrs.ma\/fr\/"},{"@type":"ListItem","position":2,"name":"Discours et allocutions de la pr\u00e9sidente du Conseil"}]},{"@type":"WebSite","@id":"https:\/\/www.csefrs.ma\/fr\/#website","url":"https:\/\/www.csefrs.ma\/fr\/","name":"\u0627\u0644\u0645\u062c\u0644\u0633 \u0627\u0644\u0623\u0639\u0644\u0649 \u0644\u0644\u062a\u0631\u0628\u064a\u0629 \u0648\u0627\u0644\u062a\u0643\u0648\u064a\u0646 \u0648\u0627\u0644\u0628\u062d\u062b \u0627\u0644\u0639\u0644\u0645\u064a","description":"","publisher":{"@id":"https:\/\/www.csefrs.ma\/fr\/#organization"},"potentialAction":[{"@type":"SearchAction","target":{"@type":"EntryPoint","urlTemplate":"https:\/\/www.csefrs.ma\/fr\/?s={search_term_string}"},"query-input":{"@type":"PropertyValueSpecification","valueRequired":true,"valueName":"search_term_string"}}],"inLanguage":"fr-FR"},{"@type":"Organization","@id":"https:\/\/www.csefrs.ma\/fr\/#organization","name":"Conseil sup\u00e9rieur de l\u2019\u00e9ducation, de la formation et de la recherche scientifique","url":"https:\/\/www.csefrs.ma\/fr\/","logo":{"@type":"ImageObject","inLanguage":"fr-FR","@id":"https:\/\/www.csefrs.ma\/fr\/#\/schema\/logo\/image\/","url":"https:\/\/www.csefrs.ma\/wp-content\/uploads\/2025\/10\/logo-capture.png","contentUrl":"https:\/\/www.csefrs.ma\/wp-content\/uploads\/2025\/10\/logo-capture.png","width":1468,"height":226,"caption":"Conseil sup\u00e9rieur de l\u2019\u00e9ducation, de la formation et de la recherche scientifique"},"image":{"@id":"https:\/\/www.csefrs.ma\/fr\/#\/schema\/logo\/image\/"},"sameAs":["https:\/\/www.youtube.com\/csefrsofficiel","https:\/\/www.linkedin.com\/company\/csefrs\/"]}]}},"_links":{"self":[{"href":"https:\/\/www.csefrs.ma\/fr\/wp-json\/wp\/v2\/pages\/39628","targetHints":{"allow":["GET"]}}],"collection":[{"href":"https:\/\/www.csefrs.ma\/fr\/wp-json\/wp\/v2\/pages"}],"about":[{"href":"https:\/\/www.csefrs.ma\/fr\/wp-json\/wp\/v2\/types\/page"}],"author":[{"embeddable":true,"href":"https:\/\/www.csefrs.ma\/fr\/wp-json\/wp\/v2\/users\/697"}],"replies":[{"embeddable":true,"href":"https:\/\/www.csefrs.ma\/fr\/wp-json\/wp\/v2\/comments?post=39628"}],"version-history":[{"count":5,"href":"https:\/\/www.csefrs.ma\/fr\/wp-json\/wp\/v2\/pages\/39628\/revisions"}],"predecessor-version":[{"id":45947,"href":"https:\/\/www.csefrs.ma\/fr\/wp-json\/wp\/v2\/pages\/39628\/revisions\/45947"}],"wp:attachment":[{"href":"https:\/\/www.csefrs.ma\/fr\/wp-json\/wp\/v2\/media?parent=39628"}],"curies":[{"name":"wp","href":"https:\/\/api.w.org\/{rel}","templated":true}]}}